{"id":4651,"date":"2022-01-18T15:24:41","date_gmt":"2022-01-18T14:24:41","guid":{"rendered":"https:\/\/www.focus-obs.org\/documents\/government-begins-talks-on-a-new-general-law-for-human-rights-defenders-and-journalists\/"},"modified":"2022-11-02T14:09:17","modified_gmt":"2022-11-02T13:09:17","slug":"government-begins-talks-on-a-new-general-law-for-human-rights-defenders-and-journalists","status":"publish","type":"documents","link":"https:\/\/www.focus-obs.org\/fr\/documents\/government-begins-talks-on-a-new-general-law-for-human-rights-defenders-and-journalists\/","title":{"rendered":"Mexique: discussions par le gouvernment sur une nouvelle loi g\u00e9n\u00e9rale pour les d\u00e9fenseur\u00b7e\u00b7s des droits humains et les journalistes"},"content":{"rendered":"\n<p>En janvier 2022, les discussions sur une loi g\u00e9n\u00e9rale pour la protection des d\u00e9fenseur\u00b7e\u00b7s des droits humains au Mexique ont \u00e9t\u00e9 renouvel\u00e9es. Les discussions se tiendront \u00e0 Chihuahua, Mexico, Guerrero, Oaxaca, Sonora, Tamaulipas et Veracruz.<\/p>\n\n\n\n<p>L&rsquo;objectif est de cr\u00e9er un syst\u00e8me de protection national et de d\u00e9finir les comp\u00e9tences des diff\u00e9rents niveaux de gouvernement et des institutions publiques, explique le sous-secr\u00e9taire Alejandro Encinas Rodr\u00edguez. \u00ab\u00a0Actuellement, le syst\u00e8me f\u00e9d\u00e9ral que nous avons a permis aux autorit\u00e9s locales d&rsquo;ignorer leurs responsabilit\u00e9s, donc dans les cas o\u00f9 une autorit\u00e9 est responsable, le syst\u00e8me national a les fonctions et les pouvoirs d&rsquo;engager des proc\u00e9dures p\u00e9nales contre ceux qui violent la loi et violent ces droits\u00a0\u00bb, a-t-il d\u00e9clar\u00e9.<\/p>\n\n\n\n<p>Trouvez la publication originale <a href=\"https:\/\/www.gob.mx\/segob\/prensa\/inicia-gobernacion-dialogos-rumbo-a-una-nueva-ley-general-para-personas-defensoras-de-derechos-humanos-y-periodistas\" target=\"_blank\" rel=\"noreferrer noopener\">ici<\/a> en espagnol (<a href=\"https:\/\/www.gob.mx\/\" target=\"_blank\" rel=\"noreferrer noopener\">Gobierno de Mexico<\/a>). <\/p>\n","protected":false},"template":"","document-original-language":[353],"authorship":[153],"type-of-document":[164],"progress":[],"location":[168,209],"class_list":["post-4651","documents","type-documents","status-publish","hentry","document-original-language-es-fr","authorship-autorites-et-institutions-nationales","type-of-document-nouvelles","location-ameriques","location-mexique"],"_links":{"self":[{"href":"https:\/\/www.focus-obs.org\/fr\/wp-json\/wp\/v2\/documents\/4651","targetHints":{"allow":["GET"]}}],"collection":[{"href":"https:\/\/www.focus-obs.org\/fr\/wp-json\/wp\/v2\/documents"}],"about":[{"href":"https:\/\/www.focus-obs.org\/fr\/wp-json\/wp\/v2\/types\/documents"}],"version-history":[{"count":3,"href":"https:\/\/www.focus-obs.org\/fr\/wp-json\/wp\/v2\/documents\/4651\/revisions"}],"predecessor-version":[{"id":7877,"href":"https:\/\/www.focus-obs.org\/fr\/wp-json\/wp\/v2\/documents\/4651\/revisions\/7877"}],"wp:attachment":[{"href":"https:\/\/www.focus-obs.org\/fr\/wp-json\/wp\/v2\/media?parent=4651"}],"wp:term":[{"taxonomy":"document-original-language","embeddable":true,"href":"https:\/\/www.focus-obs.org\/fr\/wp-json\/wp\/v2\/document-original-language?post=4651"},{"taxonomy":"authorship","embeddable":true,"href":"https:\/\/www.focus-obs.org\/fr\/wp-json\/wp\/v2\/authorship?post=4651"},{"taxonomy":"type-of-document","embeddable":true,"href":"https:\/\/www.focus-obs.org\/fr\/wp-json\/wp\/v2\/type-of-document?post=4651"},{"taxonomy":"progress","embeddable":true,"href":"https:\/\/www.focus-obs.org\/fr\/wp-json\/wp\/v2\/progress?post=4651"},{"taxonomy":"location","embeddable":true,"href":"https:\/\/www.focus-obs.org\/fr\/wp-json\/wp\/v2\/location?post=4651"}],"curies":[{"name":"wp","href":"https:\/\/api.w.org\/{rel}","templated":true}]}}