{"id":3612,"date":"2020-03-09T12:16:00","date_gmt":"2020-03-09T11:16:00","guid":{"rendered":"https:\/\/www.focus-obs.org\/documents\/un-calls-on-mali-to-establish-the-protection-mechanism-for-human-rights-defenders\/"},"modified":"2022-10-28T11:22:52","modified_gmt":"2022-10-28T09:22:52","slug":"mali-lonu-appelle-le-mali-a-etablir-le-mecanisme-de-protection-pour-les-defenseur-es-des-droits-humains","status":"publish","type":"documents","link":"https:\/\/www.focus-obs.org\/fr\/documents\/mali-lonu-appelle-le-mali-a-etablir-le-mecanisme-de-protection-pour-les-defenseur-es-des-droits-humains\/","title":{"rendered":"Mali: L\u2019ONU appelle le Mali \u00e0 \u00e9tablir le m\u00e9canisme de protection pour les d\u00e9fenseur.es des droits humains"},"content":{"rendered":"\n<p><strong>Le Comit\u00e9 pour les droits \u00e9conomiques, sociaux et culturels vient de demander au Mali d\u2019adopter le d\u00e9cret d\u2019application sur la loi relative \u00e0 la protection des d\u00e9fenseur.es des droits humains, et \u00e0 mettre en place le m\u00e9canisme de protection pr\u00e9vu par la loi.<\/strong><\/p>\n\n\n\n<p>Dans <a href=\"https:\/\/tbinternet.ohchr.org\/Treaties\/CESCR\/Shared%20Documents\/MLI\/E_C-12_MLI_CO_1_32780_F.docx\" target=\"_blank\" rel=\"noreferrer noopener\">ses observations finales<\/a>, le Comit\u00e9 (CODESC) exhorte le Mali \u00e0 veiller \u00e0 \u00abla bonne application de la <a href=\"https:\/\/www.ishr.ch\/news\/mali-vers-ladoption-dun-decret-dapplication-pour-la-loi-relative-aux-defenseures-des-droits\">loi relative aux d\u00e9fenseurs de droits de l\u2019homme<\/a>, notamment en adoptant le d\u00e9cret fixant les modalit\u00e9s pour son application et \u00e0 cr\u00e9er le m\u00e9canisme de protection pr\u00e9vu. Le Comit\u00e9 encourage l\u2019Etat partie \u00e0 mener des campagnes d\u2019information et de sensibilisation sur l\u2019importance de l\u2019action men\u00e9e par les d\u00e9fenseurs des droits de l\u2019homme, y compris les droits \u00e9conomiques, sociaux et culturels afin d\u2019instaurer un climat de tol\u00e9rance leur permettant de s\u2019acquitter de leur mission sans avoir \u00e0 craindre aucune forme d\u2019intimidation et de pr\u00e9venir les actes de violence \u00e0 leur encontre. Le Comit\u00e9 renvoie l\u2019\u00c9tat partie \u00e0 la <a href=\"http:\/\/docstore.ohchr.org\/SelfServices\/FilesHandler.ashx?enc=4slQ6QSmlBEDzFEovLCuW1AVC1NkPsgUedPlF1vfPMK7i8id4VwL30x252FqE%2fo6bl45tTvozMxC19XySlIhVes6ubGxxlt7eOSSNgK5ZMZ0qD9IOa6vJ6K%2bRs43B%2fUj\" target=\"_blank\" rel=\"noreferrer noopener\">D\u00e9claration concernant les d\u00e9fenseurs des droits de l\u2019homme<\/a> et les droits \u00e9conomiques, sociaux et culturels qu\u2019il a adopt\u00e9e en 2016.&nbsp;\u00bb<\/p>\n\n\n\n<p>Pour Mohamed El Moctar Mahamar, repr\u00e9sentant la Coalition Malienne des D\u00e9fenseurs des Droits Humains (COMADDH), la recommandation arrive \u00e0 point nomm\u00e9&nbsp;: \u00ab Nous saluons la d\u00e9cision du Comit\u00e9 d\u2019insister sur l\u2019adoption du d\u00e9cret d\u2019application de la loi, qui fait \u00e9cho aux <a href=\"https:\/\/tbinternet.ohchr.org\/Treaties\/CESCR\/Shared%20Documents\/MLI\/INT_CESCR_CSS_MLI_32286_F.doc\" target=\"_blank\" rel=\"noreferrer noopener\">dol\u00e9ances que nous avions formul\u00e9es<\/a> pr\u00e9alablement \u00e0 l\u2019examen du Mali&nbsp;\u00bb. Et d\u2019ajouter : \u00ab&nbsp;le Comit\u00e9 a par ailleurs identifi\u00e9 la recommandation comme urgente, c\u2019est-\u00e0-dire que le Mali devra rendre compte sur la mise en \u0153uvre d\u2019ici 18 mois, soit en avril 2020&nbsp;\u00bb.<\/p>\n\n\n\n<p>La militante des droits des femmes Nana Sanou, qui a pu participer \u00e0 l\u2019examen du Mali en septembre \u00e0 Gen\u00e8ve par le Comit\u00e9, se r\u00e9jouit elle aussi des conclusions : \u00ab Le Comit\u00e9 a demand\u00e9 au Mali de r\u00e9viser les dispositions l\u00e9gislatives discriminatoires \u00e0 l\u2019\u00e9gard des femmes et de renforcer l\u2019application des mesures visant \u00e0 combattre cette discrimination, \u00bb rappelle-t-elle.<\/p>\n\n\n\n<p>Le Mali a mis plus de quarante ans avant de soumettre son rapport initial au CODESC, suite \u00e0 la ratification du Protocole relatif aux droits \u00e9conomiques, sociaux et culturels en 1974. Le Comit\u00e9 avait examin\u00e9 le Mali en 1994 en l\u2019absence de rapport initial, mais le gouvernement ne s\u2019\u00e9tait pas pr\u00e9sent\u00e9 \u00e0 l\u2019examen. \u00ab Il faut souligner l\u2019importance de ce tout premier dialogue interactif du Comit\u00e9 avec les autorit\u00e9s maliennes, \u00bb souligne Vincent Ploton d\u2019ISHR. \u00ab Nous exhortons celles-ci \u00e0 adopter un plan de mise en \u0153uvre des recommandations du Comit\u00e9, et \u00e0 se conformer aux exigences de pr\u00e9sentation des prochains rapports \u00e0 temps \u00bb, conclue-t-il.<\/p>\n\n\n\n<p>Retrouvez le document original <a href=\"https:\/\/ishr.ch\/fr\/actualites\/mali-lonu-appelle-le-mali-a-etablir-le-mecanisme-de-protection-pour-les-defenseur-es-des-droits-humains\/\" target=\"_blank\" rel=\"noreferrer noopener\">ici<\/a> en fran\u00e7ais (<a href=\"https:\/\/ishr.ch\/\" target=\"_blank\" rel=\"noreferrer noopener\">ISHR<\/a>). <\/p>\n","protected":false},"template":"","document-original-language":[354],"authorship":[206],"type-of-document":[164],"progress":[],"location":[185,211],"class_list":["post-3612","documents","type-documents","status-publish","hentry","document-original-language-fr-fr","authorship-societe-civile-et-universites","type-of-document-nouvelles","location-mali","location-afrique"],"_links":{"self":[{"href":"https:\/\/www.focus-obs.org\/fr\/wp-json\/wp\/v2\/documents\/3612","targetHints":{"allow":["GET"]}}],"collection":[{"href":"https:\/\/www.focus-obs.org\/fr\/wp-json\/wp\/v2\/documents"}],"about":[{"href":"https:\/\/www.focus-obs.org\/fr\/wp-json\/wp\/v2\/types\/documents"}],"version-history":[{"count":3,"href":"https:\/\/www.focus-obs.org\/fr\/wp-json\/wp\/v2\/documents\/3612\/revisions"}],"predecessor-version":[{"id":5546,"href":"https:\/\/www.focus-obs.org\/fr\/wp-json\/wp\/v2\/documents\/3612\/revisions\/5546"}],"wp:attachment":[{"href":"https:\/\/www.focus-obs.org\/fr\/wp-json\/wp\/v2\/media?parent=3612"}],"wp:term":[{"taxonomy":"document-original-language","embeddable":true,"href":"https:\/\/www.focus-obs.org\/fr\/wp-json\/wp\/v2\/document-original-language?post=3612"},{"taxonomy":"authorship","embeddable":true,"href":"https:\/\/www.focus-obs.org\/fr\/wp-json\/wp\/v2\/authorship?post=3612"},{"taxonomy":"type-of-document","embeddable":true,"href":"https:\/\/www.focus-obs.org\/fr\/wp-json\/wp\/v2\/type-of-document?post=3612"},{"taxonomy":"progress","embeddable":true,"href":"https:\/\/www.focus-obs.org\/fr\/wp-json\/wp\/v2\/progress?post=3612"},{"taxonomy":"location","embeddable":true,"href":"https:\/\/www.focus-obs.org\/fr\/wp-json\/wp\/v2\/location?post=3612"}],"curies":[{"name":"wp","href":"https:\/\/api.w.org\/{rel}","templated":true}]}}