{"id":3461,"date":"2021-07-12T15:51:31","date_gmt":"2021-07-12T13:51:31","guid":{"rendered":"https:\/\/www.focus-obs.org\/documents\/initiative-visant-a-soutenir-les-defenseurs-des-droits-de-lhomme-en-albanie\/"},"modified":"2022-10-27T14:23:28","modified_gmt":"2022-10-27T12:23:28","slug":"initiative-visant-a-soutenir-les-defenseurs-des-droits-de-lhomme-en-albanie","status":"publish","type":"documents","link":"https:\/\/www.focus-obs.org\/fr\/documents\/initiative-visant-a-soutenir-les-defenseurs-des-droits-de-lhomme-en-albanie\/","title":{"rendered":"Albanie: Initiative visant \u00e0 soutenir les d\u00e9fenseur\u00b7e\u00b7s des droits humains"},"content":{"rendered":"\n<p>Le 13 avril, \u00e0 l&rsquo;initiative de l&rsquo;ancienne m\u00e9diatrice Iglit Totozani, le Parlement albanais, en coop\u00e9ration avec le Conseil de l&rsquo;Europe et l&rsquo;Union europ\u00e9enne, a accueilli une table ronde de haut niveau sur le m\u00e9canisme de protection des d\u00e9fenseur\u00b7e\u00b7s des droits humains (DDH ou d\u00e9fenseur\u00b7e\u00b7s). 2018 marque le 20<sup>e<\/sup> anniversaire de l&rsquo;adoption par l&rsquo;Assembl\u00e9e g\u00e9n\u00e9rale des Nations unies de la D\u00e9claration sur les d\u00e9fenseurs des droits de l&rsquo;homme ainsi que le 10<sup>e<\/sup> anniversaire de la <a href=\"https:\/\/search.coe.int\/cm\/Pages\/result_details.aspx?ObjectID=09000016805d3e52\" target=\"_blank\" rel=\"noreferrer noopener\">D\u00e9claration du Comit\u00e9 des ministres du Conseil de l&rsquo;Europe sur l&rsquo;action visant \u00e0 am\u00e9liorer la protection des d\u00e9fenseur\u00b7e\u00b7s et \u00e0 promouvoir leurs activit\u00e9s<\/a>.<\/p>\n\n\n\n<p>Plus de 60 hauts repr\u00e9sentants des principales institutions publiques albanaises, de la soci\u00e9t\u00e9 civile, des m\u00e9dias, du monde universitaire et de la communaut\u00e9 internationale ont \u00e9chang\u00e9 sur les aspects juridiques et pratiques relatifs aux d\u00e9fenseur\u00b7e\u00b7s en Albanie et sur la mani\u00e8re de favoriser leur protection. <\/p>\n\n\n\n<p>Vasilika Hysi, vice-pr\u00e9sidente du Parlement, Artemis Dralo, vice-ministre des affaires \u00e9trang\u00e8res et de l&rsquo;Europe, Claus Neukirch, chef du bureau du Conseil de l&rsquo;Europe \u00e0 Tirana, Brian Williams, coordinateur r\u00e9sident des Nations unies, Erinda Ballanca, avocat du peuple et Steven Stork, premier conseiller de la d\u00e9l\u00e9gation de l&rsquo;Union europ\u00e9enne, ont pris la parole. Tous ces intervenant\u00b7e\u00b7s ont soulign\u00e9 les d\u00e9fis auxquels sont confront\u00e9s les d\u00e9fenseur\u00b7e\u00b7s dans le monde entier et ont insist\u00e9 sur la responsabilit\u00e9 de l&rsquo;\u00c9tat pour encourager et cr\u00e9er des conditions favorables \u00e0 la participation des d\u00e9fenseur\u00b7e\u00b7s \u00e0 la vie publique, au dialogue avec les autorit\u00e9s et \u00e0 la coop\u00e9ration avec les acteur\u00b7rice\u00b7s nationaux et internationaux.<\/p>\n\n\n\n<p> L&rsquo;\u00e9v\u00e9nement a conclu qu&rsquo;une r\u00e9solution de suivi \u00e0 la lumi\u00e8re de la d\u00e9claration de l&rsquo;ONU sera pr\u00e9par\u00e9e et soumise \u00e0 l&rsquo;approbation de l&rsquo;Assembl\u00e9e albanaise.<\/p>\n\n\n\n<p>L&rsquo;\u00e9v\u00e9nement a eu lieu dans le cadre du projet de l&rsquo;Union europ\u00e9enne\/Conseil de l&rsquo;Europe \u00ab\u00a0Renforcer l&rsquo;efficacit\u00e9 du syst\u00e8me albanais de protection des droits de l&rsquo;homme et de lutte contre la discrimination\u00a0\u00bb.<\/p>\n\n\n\n<p>Retrouvez l&rsquo;article original <a href=\"https:\/\/www.coe.int\/en\/web\/tirana\/news\/-\/asset_publisher\/SENehJ2ESZrW\/content\/initiative-to-support-human-rights-defenders-in-albania\" data-type=\"URL\" data-id=\"https:\/\/www.coe.int\/en\/web\/tirana\/news\/-\/asset_publisher\/SENehJ2ESZrW\/content\/initiative-to-support-human-rights-defenders-in-albania\" target=\"_blank\" rel=\"noreferrer noopener\">ici<\/a> (<a href=\"https:\/\/www.coe.int\/en\/web\/portal\/home\" target=\"_blank\" rel=\"noreferrer noopener\">Conseil de l&rsquo;Europe<\/a>).<\/p>\n","protected":false},"template":"","document-original-language":[351],"authorship":[152],"type-of-document":[164],"progress":[],"location":[244,315],"class_list":["post-3461","documents","type-documents","status-publish","hentry","document-original-language-en-fr","authorship-organismes-regionaux","type-of-document-nouvelles","location-europe-eurasie","location-albania-fr"],"_links":{"self":[{"href":"https:\/\/www.focus-obs.org\/fr\/wp-json\/wp\/v2\/documents\/3461","targetHints":{"allow":["GET"]}}],"collection":[{"href":"https:\/\/www.focus-obs.org\/fr\/wp-json\/wp\/v2\/documents"}],"about":[{"href":"https:\/\/www.focus-obs.org\/fr\/wp-json\/wp\/v2\/types\/documents"}],"version-history":[{"count":4,"href":"https:\/\/www.focus-obs.org\/fr\/wp-json\/wp\/v2\/documents\/3461\/revisions"}],"predecessor-version":[{"id":7729,"href":"https:\/\/www.focus-obs.org\/fr\/wp-json\/wp\/v2\/documents\/3461\/revisions\/7729"}],"wp:attachment":[{"href":"https:\/\/www.focus-obs.org\/fr\/wp-json\/wp\/v2\/media?parent=3461"}],"wp:term":[{"taxonomy":"document-original-language","embeddable":true,"href":"https:\/\/www.focus-obs.org\/fr\/wp-json\/wp\/v2\/document-original-language?post=3461"},{"taxonomy":"authorship","embeddable":true,"href":"https:\/\/www.focus-obs.org\/fr\/wp-json\/wp\/v2\/authorship?post=3461"},{"taxonomy":"type-of-document","embeddable":true,"href":"https:\/\/www.focus-obs.org\/fr\/wp-json\/wp\/v2\/type-of-document?post=3461"},{"taxonomy":"progress","embeddable":true,"href":"https:\/\/www.focus-obs.org\/fr\/wp-json\/wp\/v2\/progress?post=3461"},{"taxonomy":"location","embeddable":true,"href":"https:\/\/www.focus-obs.org\/fr\/wp-json\/wp\/v2\/location?post=3461"}],"curies":[{"name":"wp","href":"https:\/\/api.w.org\/{rel}","templated":true}]}}