{"id":2858,"date":"2021-06-16T16:59:25","date_gmt":"2021-06-16T14:59:25","guid":{"rendered":"https:\/\/www.focus-obs.org\/documents\/sur-la-liberte-dexpression-la-protection-des-journalistes-des-travailleurs-de-la-presse-et-des-defenseurs-des-droits-de-lhomme-bill\/"},"modified":"2023-02-23T15:58:08","modified_gmt":"2023-02-23T14:58:08","slug":"paraguay-projet-de-loi-sur-la-liberte-dexpression-la-protection-des-journalistes-des-travailleur%c2%b7se%c2%b7s-de-la-presse-et-des-defenseur%c2%b7e%c2%b7s-des-droits-humains","status":"publish","type":"documents","link":"https:\/\/www.focus-obs.org\/fr\/documents\/paraguay-projet-de-loi-sur-la-liberte-dexpression-la-protection-des-journalistes-des-travailleur%c2%b7se%c2%b7s-de-la-presse-et-des-defenseur%c2%b7e%c2%b7s-des-droits-humains\/","title":{"rendered":"Paraguay : Projet de loi sur la libert\u00e9 d&rsquo;expression, la protection des journalistes, des travailleur\u00b7se\u00b7s de la presse et des d\u00e9fenseur\u00b7e\u00b7s des droits humains"},"content":{"rendered":"\n<p class=\"wp-block-paragraph\">Le 16 novembre 2016, un projet de loi sur la libert\u00e9 d&rsquo;expression et la protection des journalistes, des travailleurs de la presse et des d\u00e9fenseurs des droits de l&rsquo;homme a \u00e9t\u00e9 propos\u00e9 au Congr\u00e8s du Paraguay. Depuis, aucune avanc\u00e9e n&rsquo;a \u00e9t\u00e9 enregistr\u00e9e concernant ce projet de loi.<\/p>\n\n\n\n<p class=\"wp-block-paragraph\">Retrouvez la publication original <a href=\"http:\/\/silpy.congreso.gov.py\/expediente\/108113\" data-type=\"URL\" data-id=\"http:\/\/silpy.congreso.gov.py\/expediente\/108113\" target=\"_blank\" rel=\"noreferrer noopener\">ici<\/a> en espagnol (<a href=\"http:\/\/silpy.congreso.gov.py\/\" target=\"_blank\" rel=\"noreferrer noopener\">Sistema Informaci\u00f3n Legislativa de Paraguay<\/a>).<\/p>\n","protected":false},"template":"","document-original-language":[353],"authorship":[153],"type-of-document":[162],"progress":[157],"location":[168,271],"class_list":["post-2858","documents","type-documents","status-publish","hentry","document-original-language-es-fr","authorship-autorites-et-institutions-nationales","type-of-document-loi-ou-decret-ou-similaire-y-compris-les-propositions","progress-abandonne-ou-abroge","location-ameriques","location-paraguay"],"yoast_head":"<!-- This site is optimized with the Yoast SEO plugin v28.4 - https:\/\/yoast.com\/product\/yoast-seo-wordpress\/ -->\n<title>Paraguay : Projet de loi sur la libert\u00e9 d&#039;expression, la protection des journalistes, des travailleur\u00b7se\u00b7s de la presse et des d\u00e9fenseur\u00b7e\u00b7s des droits humains - Focus: The Observatory On Public Policies For Defenders<\/title>\n<meta name=\"robots\" content=\"index, follow, max-snippet:-1, max-image-preview:large, max-video-preview:-1\" \/>\n<link rel=\"canonical\" href=\"https:\/\/www.focus-obs.org\/fr\/documents\/paraguay-projet-de-loi-sur-la-liberte-dexpression-la-protection-des-journalistes-des-travailleur\u00b7se\u00b7s-de-la-presse-et-des-defenseur\u00b7e\u00b7s-des-droits-humains\/\" \/>\n<meta property=\"og:locale\" content=\"fr_FR\" \/>\n<meta property=\"og:type\" content=\"article\" \/>\n<meta property=\"og:title\" content=\"Paraguay : Projet de loi sur la libert\u00e9 d&#039;expression, la protection des journalistes, des travailleur\u00b7se\u00b7s de la presse et des d\u00e9fenseur\u00b7e\u00b7s des droits humains - Focus: The Observatory On Public Policies For Defenders\" \/>\n<meta property=\"og:description\" content=\"Le 16 novembre 2016, un projet de loi sur la libert\u00e9 d&rsquo;expression et la protection des journalistes, des travailleurs de la presse et des d\u00e9fenseurs des droits de l&rsquo;homme a \u00e9t\u00e9 propos\u00e9 au Congr\u00e8s du Paraguay. Depuis, aucune avanc\u00e9e n&rsquo;a \u00e9t\u00e9 enregistr\u00e9e concernant ce projet de loi. Retrouvez la publication original ici en espagnol (Sistema [&hellip;]\" \/>\n<meta property=\"og:url\" content=\"https:\/\/www.focus-obs.org\/fr\/documents\/paraguay-projet-de-loi-sur-la-liberte-dexpression-la-protection-des-journalistes-des-travailleur\u00b7se\u00b7s-de-la-presse-et-des-defenseur\u00b7e\u00b7s-des-droits-humains\/\" \/>\n<meta property=\"og:site_name\" content=\"Focus: The Observatory On Public Policies For Defenders\" \/>\n<meta property=\"article:modified_time\" content=\"2023-02-23T14:58:08+00:00\" \/>\n<meta name=\"twitter:card\" content=\"summary_large_image\" \/>\n<script type=\"application\/ld+json\" class=\"yoast-schema-graph\">{\"@context\":\"https:\\\/\\\/schema.org\",\"@graph\":[{\"@type\":\"WebPage\",\"@id\":\"https:\\\/\\\/www.focus-obs.org\\\/fr\\\/documents\\\/paraguay-projet-de-loi-sur-la-liberte-dexpression-la-protection-des-journalistes-des-travailleur%c2%b7se%c2%b7s-de-la-presse-et-des-defenseur%c2%b7e%c2%b7s-des-droits-humains\\\/\",\"url\":\"https:\\\/\\\/www.focus-obs.org\\\/fr\\\/documents\\\/paraguay-projet-de-loi-sur-la-liberte-dexpression-la-protection-des-journalistes-des-travailleur%c2%b7se%c2%b7s-de-la-presse-et-des-defenseur%c2%b7e%c2%b7s-des-droits-humains\\\/\",\"name\":\"Paraguay : Projet de loi sur la libert\u00e9 d'expression, la protection des journalistes, des travailleur\u00b7se\u00b7s de la presse et des d\u00e9fenseur\u00b7e\u00b7s des droits humains - Focus: The Observatory On Public Policies For Defenders\",\"isPartOf\":{\"@id\":\"https:\\\/\\\/www.focus-obs.org\\\/es\\\/#website\"},\"datePublished\":\"2021-06-16T14:59:25+00:00\",\"dateModified\":\"2023-02-23T14:58:08+00:00\",\"breadcrumb\":{\"@id\":\"https:\\\/\\\/www.focus-obs.org\\\/fr\\\/documents\\\/paraguay-projet-de-loi-sur-la-liberte-dexpression-la-protection-des-journalistes-des-travailleur%c2%b7se%c2%b7s-de-la-presse-et-des-defenseur%c2%b7e%c2%b7s-des-droits-humains\\\/#breadcrumb\"},\"inLanguage\":\"fr-FR\",\"potentialAction\":[{\"@type\":\"ReadAction\",\"target\":[\"https:\\\/\\\/www.focus-obs.org\\\/fr\\\/documents\\\/paraguay-projet-de-loi-sur-la-liberte-dexpression-la-protection-des-journalistes-des-travailleur%c2%b7se%c2%b7s-de-la-presse-et-des-defenseur%c2%b7e%c2%b7s-des-droits-humains\\\/\"]}]},{\"@type\":\"BreadcrumbList\",\"@id\":\"https:\\\/\\\/www.focus-obs.org\\\/fr\\\/documents\\\/paraguay-projet-de-loi-sur-la-liberte-dexpression-la-protection-des-journalistes-des-travailleur%c2%b7se%c2%b7s-de-la-presse-et-des-defenseur%c2%b7e%c2%b7s-des-droits-humains\\\/#breadcrumb\",\"itemListElement\":[{\"@type\":\"ListItem\",\"position\":1,\"name\":\"Home\",\"item\":\"https:\\\/\\\/www.focus-obs.org\\\/fr\\\/acceuil\\\/\"},{\"@type\":\"ListItem\",\"position\":2,\"name\":\"Documents\",\"item\":\"https:\\\/\\\/www.focus-obs.org\\\/es\\\/documents\\\/\"},{\"@type\":\"ListItem\",\"position\":3,\"name\":\"Paraguay : Projet de loi sur la libert\u00e9 d&#8217;expression, la protection des journalistes, des travailleur\u00b7se\u00b7s de la presse et des d\u00e9fenseur\u00b7e\u00b7s des droits humains\"}]},{\"@type\":\"WebSite\",\"@id\":\"https:\\\/\\\/www.focus-obs.org\\\/es\\\/#website\",\"url\":\"https:\\\/\\\/www.focus-obs.org\\\/es\\\/\",\"name\":\"Focus: The Observatory On Public Policies For Defenders\",\"description\":\"The Observatory On Public Policies For Defenders\",\"publisher\":{\"@id\":\"https:\\\/\\\/www.focus-obs.org\\\/es\\\/#organization\"},\"potentialAction\":[{\"@type\":\"SearchAction\",\"target\":{\"@type\":\"EntryPoint\",\"urlTemplate\":\"https:\\\/\\\/www.focus-obs.org\\\/es\\\/?s={search_term_string}\"},\"query-input\":{\"@type\":\"PropertyValueSpecification\",\"valueRequired\":true,\"valueName\":\"search_term_string\"}}],\"inLanguage\":\"fr-FR\"},{\"@type\":\"Organization\",\"@id\":\"https:\\\/\\\/www.focus-obs.org\\\/es\\\/#organization\",\"name\":\"Focus: The Observatory On Public Policies For Defenders\",\"url\":\"https:\\\/\\\/www.focus-obs.org\\\/es\\\/\",\"logo\":{\"@type\":\"ImageObject\",\"inLanguage\":\"fr-FR\",\"@id\":\"https:\\\/\\\/www.focus-obs.org\\\/es\\\/#\\\/schema\\\/logo\\\/image\\\/\",\"url\":\"https:\\\/\\\/www.focus-obs.org\\\/wp-content\\\/uploads\\\/2021\\\/01\\\/logo-focus-white-on-black-1.png\",\"contentUrl\":\"https:\\\/\\\/www.focus-obs.org\\\/wp-content\\\/uploads\\\/2021\\\/01\\\/logo-focus-white-on-black-1.png\",\"width\":2132,\"height\":735,\"caption\":\"Focus: The Observatory On Public Policies For Defenders\"},\"image\":{\"@id\":\"https:\\\/\\\/www.focus-obs.org\\\/es\\\/#\\\/schema\\\/logo\\\/image\\\/\"}}]}<\/script>\n<!-- \/ Yoast SEO plugin. -->","yoast_head_json":{"title":"Paraguay : Projet de loi sur la libert\u00e9 d'expression, la protection des journalistes, des travailleur\u00b7se\u00b7s de la presse et des d\u00e9fenseur\u00b7e\u00b7s des droits humains - Focus: The Observatory On Public Policies For Defenders","robots":{"index":"index","follow":"follow","max-snippet":"max-snippet:-1","max-image-preview":"max-image-preview:large","max-video-preview":"max-video-preview:-1"},"canonical":"https:\/\/www.focus-obs.org\/fr\/documents\/paraguay-projet-de-loi-sur-la-liberte-dexpression-la-protection-des-journalistes-des-travailleur\u00b7se\u00b7s-de-la-presse-et-des-defenseur\u00b7e\u00b7s-des-droits-humains\/","og_locale":"fr_FR","og_type":"article","og_title":"Paraguay : Projet de loi sur la libert\u00e9 d'expression, la protection des journalistes, des travailleur\u00b7se\u00b7s de la presse et des d\u00e9fenseur\u00b7e\u00b7s des droits humains - Focus: The Observatory On Public Policies For Defenders","og_description":"Le 16 novembre 2016, un projet de loi sur la libert\u00e9 d&rsquo;expression et la protection des journalistes, des travailleurs de la presse et des d\u00e9fenseurs des droits de l&rsquo;homme a \u00e9t\u00e9 propos\u00e9 au Congr\u00e8s du Paraguay. Depuis, aucune avanc\u00e9e n&rsquo;a \u00e9t\u00e9 enregistr\u00e9e concernant ce projet de loi. Retrouvez la publication original ici en espagnol (Sistema [&hellip;]","og_url":"https:\/\/www.focus-obs.org\/fr\/documents\/paraguay-projet-de-loi-sur-la-liberte-dexpression-la-protection-des-journalistes-des-travailleur\u00b7se\u00b7s-de-la-presse-et-des-defenseur\u00b7e\u00b7s-des-droits-humains\/","og_site_name":"Focus: The Observatory On Public Policies For Defenders","article_modified_time":"2023-02-23T14:58:08+00:00","twitter_card":"summary_large_image","schema":{"@context":"https:\/\/schema.org","@graph":[{"@type":"WebPage","@id":"https:\/\/www.focus-obs.org\/fr\/documents\/paraguay-projet-de-loi-sur-la-liberte-dexpression-la-protection-des-journalistes-des-travailleur%c2%b7se%c2%b7s-de-la-presse-et-des-defenseur%c2%b7e%c2%b7s-des-droits-humains\/","url":"https:\/\/www.focus-obs.org\/fr\/documents\/paraguay-projet-de-loi-sur-la-liberte-dexpression-la-protection-des-journalistes-des-travailleur%c2%b7se%c2%b7s-de-la-presse-et-des-defenseur%c2%b7e%c2%b7s-des-droits-humains\/","name":"Paraguay : Projet de loi sur la libert\u00e9 d'expression, la protection des journalistes, des travailleur\u00b7se\u00b7s de la presse et des d\u00e9fenseur\u00b7e\u00b7s des droits humains - Focus: The Observatory On Public Policies For Defenders","isPartOf":{"@id":"https:\/\/www.focus-obs.org\/es\/#website"},"datePublished":"2021-06-16T14:59:25+00:00","dateModified":"2023-02-23T14:58:08+00:00","breadcrumb":{"@id":"https:\/\/www.focus-obs.org\/fr\/documents\/paraguay-projet-de-loi-sur-la-liberte-dexpression-la-protection-des-journalistes-des-travailleur%c2%b7se%c2%b7s-de-la-presse-et-des-defenseur%c2%b7e%c2%b7s-des-droits-humains\/#breadcrumb"},"inLanguage":"fr-FR","potentialAction":[{"@type":"ReadAction","target":["https:\/\/www.focus-obs.org\/fr\/documents\/paraguay-projet-de-loi-sur-la-liberte-dexpression-la-protection-des-journalistes-des-travailleur%c2%b7se%c2%b7s-de-la-presse-et-des-defenseur%c2%b7e%c2%b7s-des-droits-humains\/"]}]},{"@type":"BreadcrumbList","@id":"https:\/\/www.focus-obs.org\/fr\/documents\/paraguay-projet-de-loi-sur-la-liberte-dexpression-la-protection-des-journalistes-des-travailleur%c2%b7se%c2%b7s-de-la-presse-et-des-defenseur%c2%b7e%c2%b7s-des-droits-humains\/#breadcrumb","itemListElement":[{"@type":"ListItem","position":1,"name":"Home","item":"https:\/\/www.focus-obs.org\/fr\/acceuil\/"},{"@type":"ListItem","position":2,"name":"Documents","item":"https:\/\/www.focus-obs.org\/es\/documents\/"},{"@type":"ListItem","position":3,"name":"Paraguay : Projet de loi sur la libert\u00e9 d&#8217;expression, la protection des journalistes, des travailleur\u00b7se\u00b7s de la presse et des d\u00e9fenseur\u00b7e\u00b7s des droits humains"}]},{"@type":"WebSite","@id":"https:\/\/www.focus-obs.org\/es\/#website","url":"https:\/\/www.focus-obs.org\/es\/","name":"Focus: The Observatory On Public Policies For Defenders","description":"The Observatory On Public Policies For Defenders","publisher":{"@id":"https:\/\/www.focus-obs.org\/es\/#organization"},"potentialAction":[{"@type":"SearchAction","target":{"@type":"EntryPoint","urlTemplate":"https:\/\/www.focus-obs.org\/es\/?s={search_term_string}"},"query-input":{"@type":"PropertyValueSpecification","valueRequired":true,"valueName":"search_term_string"}}],"inLanguage":"fr-FR"},{"@type":"Organization","@id":"https:\/\/www.focus-obs.org\/es\/#organization","name":"Focus: The Observatory On Public Policies For Defenders","url":"https:\/\/www.focus-obs.org\/es\/","logo":{"@type":"ImageObject","inLanguage":"fr-FR","@id":"https:\/\/www.focus-obs.org\/es\/#\/schema\/logo\/image\/","url":"https:\/\/www.focus-obs.org\/wp-content\/uploads\/2021\/01\/logo-focus-white-on-black-1.png","contentUrl":"https:\/\/www.focus-obs.org\/wp-content\/uploads\/2021\/01\/logo-focus-white-on-black-1.png","width":2132,"height":735,"caption":"Focus: The Observatory On Public Policies For Defenders"},"image":{"@id":"https:\/\/www.focus-obs.org\/es\/#\/schema\/logo\/image\/"}}]}},"_links":{"self":[{"href":"https:\/\/www.focus-obs.org\/fr\/wp-json\/wp\/v2\/documents\/2858","targetHints":{"allow":["GET"]}}],"collection":[{"href":"https:\/\/www.focus-obs.org\/fr\/wp-json\/wp\/v2\/documents"}],"about":[{"href":"https:\/\/www.focus-obs.org\/fr\/wp-json\/wp\/v2\/types\/documents"}],"version-history":[{"count":3,"href":"https:\/\/www.focus-obs.org\/fr\/wp-json\/wp\/v2\/documents\/2858\/revisions"}],"predecessor-version":[{"id":7975,"href":"https:\/\/www.focus-obs.org\/fr\/wp-json\/wp\/v2\/documents\/2858\/revisions\/7975"}],"wp:attachment":[{"href":"https:\/\/www.focus-obs.org\/fr\/wp-json\/wp\/v2\/media?parent=2858"}],"wp:term":[{"taxonomy":"document-original-language","embeddable":true,"href":"https:\/\/www.focus-obs.org\/fr\/wp-json\/wp\/v2\/document-original-language?post=2858"},{"taxonomy":"authorship","embeddable":true,"href":"https:\/\/www.focus-obs.org\/fr\/wp-json\/wp\/v2\/authorship?post=2858"},{"taxonomy":"type-of-document","embeddable":true,"href":"https:\/\/www.focus-obs.org\/fr\/wp-json\/wp\/v2\/type-of-document?post=2858"},{"taxonomy":"progress","embeddable":true,"href":"https:\/\/www.focus-obs.org\/fr\/wp-json\/wp\/v2\/progress?post=2858"},{"taxonomy":"location","embeddable":true,"href":"https:\/\/www.focus-obs.org\/fr\/wp-json\/wp\/v2\/location?post=2858"}],"curies":[{"name":"wp","href":"https:\/\/api.w.org\/{rel}","templated":true}]}}