{"id":1879,"date":"2018-11-30T12:00:00","date_gmt":"2018-11-30T11:00:00","guid":{"rendered":"https:\/\/www.focus-obs.org\/documents\/decret-2137-de-2018-plan-daction-rapide-pao-de-prevention-et-de-protection-individuelle-et-collective\/"},"modified":"2022-11-09T18:43:59","modified_gmt":"2022-11-09T17:43:59","slug":"colombia-decret-2137-de-2018-presentant-le-plan-daction-rapide-pao-de-prevention-et-de-protection-individuelle-et-collective","status":"publish","type":"documents","link":"https:\/\/www.focus-obs.org\/fr\/documents\/colombia-decret-2137-de-2018-presentant-le-plan-daction-rapide-pao-de-prevention-et-de-protection-individuelle-et-collective\/","title":{"rendered":"Colombie: D\u00e9cret 2137 de 2018 pr\u00e9sentant le plan d&rsquo;action rapide (PAO) de pr\u00e9vention et de protection individuelle et collective"},"content":{"rendered":"\n<p class=\"wp-block-paragraph\">Le 19 novembre 2018, le pr\u00e9sident de la R\u00e9publique de Colombie a promulgu\u00e9 le D\u00e9cret 2137. Comme indiqu\u00e9 dans son pr\u00e9ambule, ce d\u00e9cret cr\u00e9e la Commission intersectorielle pour le d\u00e9veloppement du Plan d&rsquo;action opportun (PAO) pour la pr\u00e9vention et la protection individuelle et collective des droits \u00e0 la vie, \u00e0 la libert\u00e9, \u00e0 l&rsquo;int\u00e9grit\u00e9 et \u00e0 la s\u00e9curit\u00e9 des d\u00e9fenseur\u00b7e\u00b7s des droits humains, des leaders sociaux, des leaders communautaires et des journalistes.<\/p>\n\n\n\n<p class=\"wp-block-paragraph\">Cette Commission \u00ab\u00a0articulera, orientera et coordonnera les diff\u00e9rents programmes et ressources de protection des diff\u00e9rentes entit\u00e9s gouvernementales impliqu\u00e9es dans la pr\u00e9vention et la protection individuelle et collective des droits \u00e0 la vie, \u00e0 la libert\u00e9, \u00e0 l&rsquo;int\u00e9grit\u00e9 et \u00e0 la s\u00e9curit\u00e9 des d\u00e9fenseur\u00b7e\u00b7s des droits humains, des leaders sociaux et communautaires et des journalistes\u00a0\u00bb. (Article 1 du d\u00e9cret).<\/p>\n\n\n\n<p class=\"wp-block-paragraph\">La Commission sera compos\u00e9e du Pr\u00e9sident de la Colombie, du Minist\u00e8re de l&rsquo;Int\u00e9rieur, du Minist\u00e8re de la S\u00e9curit\u00e9 Nationale, du Minist\u00e8re de la Justice et du Droit, du Commandant des Forces Militaires, de la Direction G\u00e9n\u00e9rale de la Police Nationale et du Directeur de l&rsquo;Unit\u00e9 de Protection Nationale. (Article 2 du d\u00e9cret).<\/p>\n\n\n\n<p class=\"wp-block-paragraph\">Trouvez le document original <a href=\"https:\/\/www.funcionpublica.gov.co\/eva\/gestornormativo\/norma.php?i=89499\" target=\"_blank\" rel=\"noreferrer noopener\">ici<\/a> en (<a href=\"https:\/\/www.funcionpublica.gov.co\/web\/eva\" data-type=\"URL\" data-id=\"https:\/\/www.funcionpublica.gov.co\/web\/eva\" target=\"_blank\" rel=\"noreferrer noopener\">EVA &#8211; Gobierno Colombia<\/a>). <\/p>\n","protected":false},"template":"","document-original-language":[353],"authorship":[153],"type-of-document":[162],"progress":[158],"location":[178,168],"class_list":["post-1879","documents","type-documents","status-publish","hentry","document-original-language-es-fr","authorship-autorites-et-institutions-nationales","type-of-document-loi-ou-decret-ou-similaire-y-compris-les-propositions","progress-en-vigueur","location-colombie","location-ameriques"],"yoast_head":"<!-- This site is optimized with the Yoast SEO plugin v28.3 - https:\/\/yoast.com\/product\/yoast-seo-wordpress\/ -->\n<title>Colombie: D\u00e9cret 2137 de 2018 pr\u00e9sentant le plan d&#039;action rapide (PAO) de pr\u00e9vention et de protection individuelle et collective - Focus: The Observatory On Public Policies For Defenders<\/title>\n<meta name=\"robots\" content=\"index, follow, max-snippet:-1, max-image-preview:large, max-video-preview:-1\" \/>\n<link rel=\"canonical\" href=\"https:\/\/www.focus-obs.org\/fr\/documents\/colombia-decret-2137-de-2018-presentant-le-plan-daction-rapide-pao-de-prevention-et-de-protection-individuelle-et-collective\/\" \/>\n<meta property=\"og:locale\" content=\"fr_FR\" \/>\n<meta property=\"og:type\" content=\"article\" \/>\n<meta property=\"og:title\" content=\"Colombie: D\u00e9cret 2137 de 2018 pr\u00e9sentant le plan d&#039;action rapide (PAO) de pr\u00e9vention et de protection individuelle et collective - Focus: The Observatory On Public Policies For Defenders\" \/>\n<meta property=\"og:description\" content=\"Le 19 novembre 2018, le pr\u00e9sident de la R\u00e9publique de Colombie a promulgu\u00e9 le D\u00e9cret 2137. Comme indiqu\u00e9 dans son pr\u00e9ambule, ce d\u00e9cret cr\u00e9e la Commission intersectorielle pour le d\u00e9veloppement du Plan d&rsquo;action opportun (PAO) pour la pr\u00e9vention et la protection individuelle et collective des droits \u00e0 la vie, \u00e0 la libert\u00e9, \u00e0 l&rsquo;int\u00e9grit\u00e9 et [&hellip;]\" \/>\n<meta property=\"og:url\" content=\"https:\/\/www.focus-obs.org\/fr\/documents\/colombia-decret-2137-de-2018-presentant-le-plan-daction-rapide-pao-de-prevention-et-de-protection-individuelle-et-collective\/\" \/>\n<meta property=\"og:site_name\" content=\"Focus: The Observatory On Public Policies For Defenders\" \/>\n<meta property=\"article:modified_time\" content=\"2022-11-09T17:43:59+00:00\" \/>\n<meta name=\"twitter:card\" content=\"summary_large_image\" \/>\n<meta name=\"twitter:label1\" content=\"Dur\u00e9e de lecture estim\u00e9e\" \/>\n\t<meta name=\"twitter:data1\" content=\"1 minute\" \/>\n<script type=\"application\/ld+json\" class=\"yoast-schema-graph\">{\"@context\":\"https:\\\/\\\/schema.org\",\"@graph\":[{\"@type\":\"WebPage\",\"@id\":\"https:\\\/\\\/www.focus-obs.org\\\/fr\\\/documents\\\/colombia-decret-2137-de-2018-presentant-le-plan-daction-rapide-pao-de-prevention-et-de-protection-individuelle-et-collective\\\/\",\"url\":\"https:\\\/\\\/www.focus-obs.org\\\/fr\\\/documents\\\/colombia-decret-2137-de-2018-presentant-le-plan-daction-rapide-pao-de-prevention-et-de-protection-individuelle-et-collective\\\/\",\"name\":\"Colombie: D\u00e9cret 2137 de 2018 pr\u00e9sentant le plan d'action rapide (PAO) de pr\u00e9vention et de protection individuelle et collective - Focus: The Observatory On Public Policies For Defenders\",\"isPartOf\":{\"@id\":\"https:\\\/\\\/www.focus-obs.org\\\/es\\\/#website\"},\"datePublished\":\"2018-11-30T11:00:00+00:00\",\"dateModified\":\"2022-11-09T17:43:59+00:00\",\"breadcrumb\":{\"@id\":\"https:\\\/\\\/www.focus-obs.org\\\/fr\\\/documents\\\/colombia-decret-2137-de-2018-presentant-le-plan-daction-rapide-pao-de-prevention-et-de-protection-individuelle-et-collective\\\/#breadcrumb\"},\"inLanguage\":\"fr-FR\",\"potentialAction\":[{\"@type\":\"ReadAction\",\"target\":[\"https:\\\/\\\/www.focus-obs.org\\\/fr\\\/documents\\\/colombia-decret-2137-de-2018-presentant-le-plan-daction-rapide-pao-de-prevention-et-de-protection-individuelle-et-collective\\\/\"]}]},{\"@type\":\"BreadcrumbList\",\"@id\":\"https:\\\/\\\/www.focus-obs.org\\\/fr\\\/documents\\\/colombia-decret-2137-de-2018-presentant-le-plan-daction-rapide-pao-de-prevention-et-de-protection-individuelle-et-collective\\\/#breadcrumb\",\"itemListElement\":[{\"@type\":\"ListItem\",\"position\":1,\"name\":\"Home\",\"item\":\"https:\\\/\\\/www.focus-obs.org\\\/fr\\\/acceuil\\\/\"},{\"@type\":\"ListItem\",\"position\":2,\"name\":\"Documents\",\"item\":\"https:\\\/\\\/www.focus-obs.org\\\/es\\\/documents\\\/\"},{\"@type\":\"ListItem\",\"position\":3,\"name\":\"Colombie: D\u00e9cret 2137 de 2018 pr\u00e9sentant le plan d&#8217;action rapide (PAO) de pr\u00e9vention et de protection individuelle et collective\"}]},{\"@type\":\"WebSite\",\"@id\":\"https:\\\/\\\/www.focus-obs.org\\\/es\\\/#website\",\"url\":\"https:\\\/\\\/www.focus-obs.org\\\/es\\\/\",\"name\":\"Focus: The Observatory On Public Policies For Defenders\",\"description\":\"The Observatory On Public Policies For Defenders\",\"publisher\":{\"@id\":\"https:\\\/\\\/www.focus-obs.org\\\/es\\\/#organization\"},\"potentialAction\":[{\"@type\":\"SearchAction\",\"target\":{\"@type\":\"EntryPoint\",\"urlTemplate\":\"https:\\\/\\\/www.focus-obs.org\\\/es\\\/?s={search_term_string}\"},\"query-input\":{\"@type\":\"PropertyValueSpecification\",\"valueRequired\":true,\"valueName\":\"search_term_string\"}}],\"inLanguage\":\"fr-FR\"},{\"@type\":\"Organization\",\"@id\":\"https:\\\/\\\/www.focus-obs.org\\\/es\\\/#organization\",\"name\":\"Focus: The Observatory On Public Policies For Defenders\",\"url\":\"https:\\\/\\\/www.focus-obs.org\\\/es\\\/\",\"logo\":{\"@type\":\"ImageObject\",\"inLanguage\":\"fr-FR\",\"@id\":\"https:\\\/\\\/www.focus-obs.org\\\/es\\\/#\\\/schema\\\/logo\\\/image\\\/\",\"url\":\"https:\\\/\\\/www.focus-obs.org\\\/wp-content\\\/uploads\\\/2021\\\/01\\\/logo-focus-white-on-black-1.png\",\"contentUrl\":\"https:\\\/\\\/www.focus-obs.org\\\/wp-content\\\/uploads\\\/2021\\\/01\\\/logo-focus-white-on-black-1.png\",\"width\":2132,\"height\":735,\"caption\":\"Focus: The Observatory On Public Policies For Defenders\"},\"image\":{\"@id\":\"https:\\\/\\\/www.focus-obs.org\\\/es\\\/#\\\/schema\\\/logo\\\/image\\\/\"}}]}<\/script>\n<!-- \/ Yoast SEO plugin. -->","yoast_head_json":{"title":"Colombie: D\u00e9cret 2137 de 2018 pr\u00e9sentant le plan d'action rapide (PAO) de pr\u00e9vention et de protection individuelle et collective - Focus: The Observatory On Public Policies For Defenders","robots":{"index":"index","follow":"follow","max-snippet":"max-snippet:-1","max-image-preview":"max-image-preview:large","max-video-preview":"max-video-preview:-1"},"canonical":"https:\/\/www.focus-obs.org\/fr\/documents\/colombia-decret-2137-de-2018-presentant-le-plan-daction-rapide-pao-de-prevention-et-de-protection-individuelle-et-collective\/","og_locale":"fr_FR","og_type":"article","og_title":"Colombie: D\u00e9cret 2137 de 2018 pr\u00e9sentant le plan d'action rapide (PAO) de pr\u00e9vention et de protection individuelle et collective - Focus: The Observatory On Public Policies For Defenders","og_description":"Le 19 novembre 2018, le pr\u00e9sident de la R\u00e9publique de Colombie a promulgu\u00e9 le D\u00e9cret 2137. Comme indiqu\u00e9 dans son pr\u00e9ambule, ce d\u00e9cret cr\u00e9e la Commission intersectorielle pour le d\u00e9veloppement du Plan d&rsquo;action opportun (PAO) pour la pr\u00e9vention et la protection individuelle et collective des droits \u00e0 la vie, \u00e0 la libert\u00e9, \u00e0 l&rsquo;int\u00e9grit\u00e9 et [&hellip;]","og_url":"https:\/\/www.focus-obs.org\/fr\/documents\/colombia-decret-2137-de-2018-presentant-le-plan-daction-rapide-pao-de-prevention-et-de-protection-individuelle-et-collective\/","og_site_name":"Focus: The Observatory On Public Policies For Defenders","article_modified_time":"2022-11-09T17:43:59+00:00","twitter_card":"summary_large_image","twitter_misc":{"Dur\u00e9e de lecture estim\u00e9e":"1 minute"},"schema":{"@context":"https:\/\/schema.org","@graph":[{"@type":"WebPage","@id":"https:\/\/www.focus-obs.org\/fr\/documents\/colombia-decret-2137-de-2018-presentant-le-plan-daction-rapide-pao-de-prevention-et-de-protection-individuelle-et-collective\/","url":"https:\/\/www.focus-obs.org\/fr\/documents\/colombia-decret-2137-de-2018-presentant-le-plan-daction-rapide-pao-de-prevention-et-de-protection-individuelle-et-collective\/","name":"Colombie: D\u00e9cret 2137 de 2018 pr\u00e9sentant le plan d'action rapide (PAO) de pr\u00e9vention et de protection individuelle et collective - Focus: The Observatory On Public Policies For Defenders","isPartOf":{"@id":"https:\/\/www.focus-obs.org\/es\/#website"},"datePublished":"2018-11-30T11:00:00+00:00","dateModified":"2022-11-09T17:43:59+00:00","breadcrumb":{"@id":"https:\/\/www.focus-obs.org\/fr\/documents\/colombia-decret-2137-de-2018-presentant-le-plan-daction-rapide-pao-de-prevention-et-de-protection-individuelle-et-collective\/#breadcrumb"},"inLanguage":"fr-FR","potentialAction":[{"@type":"ReadAction","target":["https:\/\/www.focus-obs.org\/fr\/documents\/colombia-decret-2137-de-2018-presentant-le-plan-daction-rapide-pao-de-prevention-et-de-protection-individuelle-et-collective\/"]}]},{"@type":"BreadcrumbList","@id":"https:\/\/www.focus-obs.org\/fr\/documents\/colombia-decret-2137-de-2018-presentant-le-plan-daction-rapide-pao-de-prevention-et-de-protection-individuelle-et-collective\/#breadcrumb","itemListElement":[{"@type":"ListItem","position":1,"name":"Home","item":"https:\/\/www.focus-obs.org\/fr\/acceuil\/"},{"@type":"ListItem","position":2,"name":"Documents","item":"https:\/\/www.focus-obs.org\/es\/documents\/"},{"@type":"ListItem","position":3,"name":"Colombie: D\u00e9cret 2137 de 2018 pr\u00e9sentant le plan d&#8217;action rapide (PAO) de pr\u00e9vention et de protection individuelle et collective"}]},{"@type":"WebSite","@id":"https:\/\/www.focus-obs.org\/es\/#website","url":"https:\/\/www.focus-obs.org\/es\/","name":"Focus: The Observatory On Public Policies For Defenders","description":"The Observatory On Public Policies For Defenders","publisher":{"@id":"https:\/\/www.focus-obs.org\/es\/#organization"},"potentialAction":[{"@type":"SearchAction","target":{"@type":"EntryPoint","urlTemplate":"https:\/\/www.focus-obs.org\/es\/?s={search_term_string}"},"query-input":{"@type":"PropertyValueSpecification","valueRequired":true,"valueName":"search_term_string"}}],"inLanguage":"fr-FR"},{"@type":"Organization","@id":"https:\/\/www.focus-obs.org\/es\/#organization","name":"Focus: The Observatory On Public Policies For Defenders","url":"https:\/\/www.focus-obs.org\/es\/","logo":{"@type":"ImageObject","inLanguage":"fr-FR","@id":"https:\/\/www.focus-obs.org\/es\/#\/schema\/logo\/image\/","url":"https:\/\/www.focus-obs.org\/wp-content\/uploads\/2021\/01\/logo-focus-white-on-black-1.png","contentUrl":"https:\/\/www.focus-obs.org\/wp-content\/uploads\/2021\/01\/logo-focus-white-on-black-1.png","width":2132,"height":735,"caption":"Focus: The Observatory On Public Policies For Defenders"},"image":{"@id":"https:\/\/www.focus-obs.org\/es\/#\/schema\/logo\/image\/"}}]}},"_links":{"self":[{"href":"https:\/\/www.focus-obs.org\/fr\/wp-json\/wp\/v2\/documents\/1879","targetHints":{"allow":["GET"]}}],"collection":[{"href":"https:\/\/www.focus-obs.org\/fr\/wp-json\/wp\/v2\/documents"}],"about":[{"href":"https:\/\/www.focus-obs.org\/fr\/wp-json\/wp\/v2\/types\/documents"}],"version-history":[{"count":5,"href":"https:\/\/www.focus-obs.org\/fr\/wp-json\/wp\/v2\/documents\/1879\/revisions"}],"predecessor-version":[{"id":8619,"href":"https:\/\/www.focus-obs.org\/fr\/wp-json\/wp\/v2\/documents\/1879\/revisions\/8619"}],"wp:attachment":[{"href":"https:\/\/www.focus-obs.org\/fr\/wp-json\/wp\/v2\/media?parent=1879"}],"wp:term":[{"taxonomy":"document-original-language","embeddable":true,"href":"https:\/\/www.focus-obs.org\/fr\/wp-json\/wp\/v2\/document-original-language?post=1879"},{"taxonomy":"authorship","embeddable":true,"href":"https:\/\/www.focus-obs.org\/fr\/wp-json\/wp\/v2\/authorship?post=1879"},{"taxonomy":"type-of-document","embeddable":true,"href":"https:\/\/www.focus-obs.org\/fr\/wp-json\/wp\/v2\/type-of-document?post=1879"},{"taxonomy":"progress","embeddable":true,"href":"https:\/\/www.focus-obs.org\/fr\/wp-json\/wp\/v2\/progress?post=1879"},{"taxonomy":"location","embeddable":true,"href":"https:\/\/www.focus-obs.org\/fr\/wp-json\/wp\/v2\/location?post=1879"}],"curies":[{"name":"wp","href":"https:\/\/api.w.org\/{rel}","templated":true}]}}