{"id":11501,"date":"2023-11-21T15:45:28","date_gmt":"2023-11-21T14:45:28","guid":{"rendered":"https:\/\/www.focus-obs.org\/documents\/drc-the-environmental-civil-society-organizations-benefiting-from-law-no-23-27-of-june-15-2023-concerning-the-protection-and-responsibility-of-human-rights-defenders-in-the-drc\/"},"modified":"2023-11-21T16:43:34","modified_gmt":"2023-11-21T15:43:34","slug":"drc-the-environmental-civil-society-organizations-benefiting-from-law-no-23-27-of-june-15-2023-concerning-the-protection-and-responsibility-of-human-rights-defenders-in-the-drc","status":"publish","type":"documents","link":"https:\/\/www.focus-obs.org\/fr\/documents\/drc-the-environmental-civil-society-organizations-benefiting-from-law-no-23-27-of-june-15-2023-concerning-the-protection-and-responsibility-of-human-rights-defenders-in-the-drc\/","title":{"rendered":"RDC: Organisations environnementales de la soci\u00e9t\u00e9 civile b\u00e9n\u00e9ficiaires de la Loi N\u00b0 23-27 du 15 juin 2023, relative \u00e0 la protection et \u00e0 la responsabilit\u00e9 des d\u00e9fenseur.e.s des droits humains en RDC"},"content":{"rendered":"\n<p class=\"wp-block-paragraph\">Des organisations de la soci\u00e9t\u00e9 civile de la R\u00e9publique d\u00e9mocratique du Congo (RDC) ont envoy\u00e9 une lettre ouverte \u00e0 la pr\u00e9sidente de la Commission nationale des droits de l&rsquo;homme (CNDH \u00e0 Kinshasa) pour exprimer leurs pr\u00e9occupations concernant le contenu de la <a href=\"https:\/\/www.focus-obs.org\/fr\/documents\/drc-promulgation-of-the-law-protecting-human-rights-defenders\/\" target=\"_blank\" data-type=\"URL\" data-id=\"https:\/\/www.focus-obs.org\/fr\/documents\/drc-promulgation-of-the-law-protecting-human-rights-defenders\/\" rel=\"noreferrer noopener\">Loi N\u00b0 23-27 du 15 juin 2023<\/a>, relative \u00e0 la protection et \u00e0 la responsabilit\u00e9 des d\u00e9fenseur.e.s des droits humains en RDC.<\/p>\n\n\n\n<p class=\"wp-block-paragraph\">Certaines des organisations signataires incluent :\u00a0\u00bb<\/p>\n\n\n\n<ul class=\"wp-block-list\">\n<li>Alerte Congolais pour l\u2019Environnement et le Droit de l\u2019Homme, <strong>ACEDH<\/strong><\/li>\n\n\n\n<li>Synergie de Jeunes pour le D\u00e9veloppement et la D\u00e9fense de Droits Humains, <strong>SJDDH<\/strong><\/li>\n\n\n\n<li>Innovation pour le D\u00e9veloppement et la Protection de l\u2019Environnement, <strong>IDPE<\/strong><\/li>\n\n\n\n<li>Conseil pour la Terre des Anc\u00eatres, <strong>CTA<\/strong><\/li>\n\n\n\n<li>Union de Familles pour la Recherche de la Paix, <strong>UFAREP<\/strong><\/li>\n\n\n\n<li>Solidarit\u00e9 pour la R\u00e9flexion et Appui au D\u00e9veloppement Communautaires, <strong>SORADEC<\/strong><\/li>\n\n\n\n<li>Synergie des Vanniers et Amis de la Nature, <strong>SVAN<\/strong><\/li>\n\n\n\n<li>Ensemble pour la Justice climatique et la Protection des D\u00e9fenseurs de l\u2019Environnement, <strong>EJPDE<\/strong><\/li>\n\n\n\n<li>Innovation et Formation pour le D\u00e9veloppement et la Paix, <strong>IFDP<\/strong><\/li>\n\n\n\n<li>Synergie des Ecologistes pour la Paix et D\u00e9veloppement, <strong>SEPD<\/strong><\/li>\n\n\n\n<li>Forum des Engag\u00e9s pour le D\u00e9veloppement Durable, <strong>FORED<\/strong><\/li>\n\n\n\n<li>Centre de Recherche pour la l\u2019Environnement, D\u00e9mocratie et le Droit de l\u2019Homme, <strong>CREDDHO<\/strong><\/li>\n\n\n\n<li>Coop\u00e9rative des Apiculteurs et Vendeurs du Miel au Kivu, <strong>CAVMK<\/strong><\/li>\n\n\n\n<li><strong>MAIDENI<\/strong><\/li>\n\n\n\n<li>Bureau d\u2019Ecologistes Impacts Environnementaux, <strong>BEIE<\/strong><\/li>\n\n\n\n<li>F\u00e9d\u00e9ration des Comit\u00e9s des P\u00eacheurs du Lac Edouard, <strong>FECOPEILE<\/strong><\/li>\n\n\n\n<li>Programme femme et environnement<\/li>\n\n\n\n<li>Consortium des Braves Femmes du Congo, <strong>CBFC<\/strong> asbl<\/li>\n\n\n\n<li>Soci\u00e9t\u00e9 civile Environnementale et Agro-rurale du Congo, <strong>SOCEARUCO<\/strong><\/li>\n\n\n\n<li>Collectif SIMAMA Congo, COSIC<\/li>\n\n\n\n<li>Congo Basin Conservation Society, <strong>CBCS<\/strong>-Network<\/li>\n<\/ul>\n\n\n\n<p class=\"wp-block-paragraph\"><em>Cette lettre a \u00e9t\u00e9 directement partag\u00e9 avec Protection International \u00e0 travers notre r\u00e9seau de d\u00e9fenseur.e.s des droits humains en RDC.<\/em><\/p>\n","protected":false},"template":"","document-original-language":[354],"authorship":[206],"type-of-document":[161],"progress":[],"location":[211,203],"class_list":["post-11501","documents","type-documents","status-publish","hentry","document-original-language-fr-fr","authorship-societe-civile-et-universites","type-of-document-declaration-resolution-ou-rapport-officiel","location-afrique","location-republique-democratique-du-congo"],"yoast_head":"<!-- This site is optimized with the Yoast SEO plugin v28.4 - https:\/\/yoast.com\/product\/yoast-seo-wordpress\/ -->\n<title>RDC: Organisations environnementales de la soci\u00e9t\u00e9 civile b\u00e9n\u00e9ficiaires de la Loi N\u00b0 23-27 du 15 juin 2023, relative \u00e0 la protection et \u00e0 la responsabilit\u00e9 des d\u00e9fenseur.e.s des droits humains en RDC - Focus: The Observatory On Public Policies For Defenders<\/title>\n<meta name=\"robots\" content=\"index, follow, max-snippet:-1, max-image-preview:large, max-video-preview:-1\" \/>\n<link rel=\"canonical\" href=\"https:\/\/www.focus-obs.org\/fr\/documents\/drc-the-environmental-civil-society-organizations-benefiting-from-law-no-23-27-of-june-15-2023-concerning-the-protection-and-responsibility-of-human-rights-defenders-in-the-drc\/\" \/>\n<meta property=\"og:locale\" content=\"fr_FR\" \/>\n<meta property=\"og:type\" content=\"article\" \/>\n<meta property=\"og:title\" content=\"RDC: Organisations environnementales de la soci\u00e9t\u00e9 civile b\u00e9n\u00e9ficiaires de la Loi N\u00b0 23-27 du 15 juin 2023, relative \u00e0 la protection et \u00e0 la responsabilit\u00e9 des d\u00e9fenseur.e.s des droits humains en RDC - Focus: The Observatory On Public Policies For Defenders\" \/>\n<meta property=\"og:description\" content=\"Des organisations de la soci\u00e9t\u00e9 civile de la R\u00e9publique d\u00e9mocratique du Congo (RDC) ont envoy\u00e9 une lettre ouverte \u00e0 la pr\u00e9sidente de la Commission nationale des droits de l&rsquo;homme (CNDH \u00e0 Kinshasa) pour exprimer leurs pr\u00e9occupations concernant le contenu de la Loi N\u00b0 23-27 du 15 juin 2023, relative \u00e0 la protection et \u00e0 la [&hellip;]\" \/>\n<meta property=\"og:url\" content=\"https:\/\/www.focus-obs.org\/fr\/documents\/drc-the-environmental-civil-society-organizations-benefiting-from-law-no-23-27-of-june-15-2023-concerning-the-protection-and-responsibility-of-human-rights-defenders-in-the-drc\/\" \/>\n<meta property=\"og:site_name\" content=\"Focus: The Observatory On Public Policies For Defenders\" \/>\n<meta property=\"article:modified_time\" content=\"2023-11-21T15:43:34+00:00\" \/>\n<meta name=\"twitter:card\" content=\"summary_large_image\" \/>\n<meta name=\"twitter:label1\" content=\"Dur\u00e9e de lecture estim\u00e9e\" \/>\n\t<meta name=\"twitter:data1\" content=\"1 minute\" \/>\n<script type=\"application\/ld+json\" class=\"yoast-schema-graph\">{\"@context\":\"https:\\\/\\\/schema.org\",\"@graph\":[{\"@type\":\"WebPage\",\"@id\":\"https:\\\/\\\/www.focus-obs.org\\\/fr\\\/documents\\\/drc-the-environmental-civil-society-organizations-benefiting-from-law-no-23-27-of-june-15-2023-concerning-the-protection-and-responsibility-of-human-rights-defenders-in-the-drc\\\/\",\"url\":\"https:\\\/\\\/www.focus-obs.org\\\/fr\\\/documents\\\/drc-the-environmental-civil-society-organizations-benefiting-from-law-no-23-27-of-june-15-2023-concerning-the-protection-and-responsibility-of-human-rights-defenders-in-the-drc\\\/\",\"name\":\"RDC: Organisations environnementales de la soci\u00e9t\u00e9 civile b\u00e9n\u00e9ficiaires de la Loi N\u00b0 23-27 du 15 juin 2023, relative \u00e0 la protection et \u00e0 la responsabilit\u00e9 des d\u00e9fenseur.e.s des droits humains en RDC - Focus: The Observatory On Public Policies For Defenders\",\"isPartOf\":{\"@id\":\"https:\\\/\\\/www.focus-obs.org\\\/es\\\/#website\"},\"datePublished\":\"2023-11-21T14:45:28+00:00\",\"dateModified\":\"2023-11-21T15:43:34+00:00\",\"breadcrumb\":{\"@id\":\"https:\\\/\\\/www.focus-obs.org\\\/fr\\\/documents\\\/drc-the-environmental-civil-society-organizations-benefiting-from-law-no-23-27-of-june-15-2023-concerning-the-protection-and-responsibility-of-human-rights-defenders-in-the-drc\\\/#breadcrumb\"},\"inLanguage\":\"fr-FR\",\"potentialAction\":[{\"@type\":\"ReadAction\",\"target\":[\"https:\\\/\\\/www.focus-obs.org\\\/fr\\\/documents\\\/drc-the-environmental-civil-society-organizations-benefiting-from-law-no-23-27-of-june-15-2023-concerning-the-protection-and-responsibility-of-human-rights-defenders-in-the-drc\\\/\"]}]},{\"@type\":\"BreadcrumbList\",\"@id\":\"https:\\\/\\\/www.focus-obs.org\\\/fr\\\/documents\\\/drc-the-environmental-civil-society-organizations-benefiting-from-law-no-23-27-of-june-15-2023-concerning-the-protection-and-responsibility-of-human-rights-defenders-in-the-drc\\\/#breadcrumb\",\"itemListElement\":[{\"@type\":\"ListItem\",\"position\":1,\"name\":\"Home\",\"item\":\"https:\\\/\\\/www.focus-obs.org\\\/fr\\\/acceuil\\\/\"},{\"@type\":\"ListItem\",\"position\":2,\"name\":\"Documents\",\"item\":\"https:\\\/\\\/www.focus-obs.org\\\/es\\\/documents\\\/\"},{\"@type\":\"ListItem\",\"position\":3,\"name\":\"RDC: Organisations environnementales de la soci\u00e9t\u00e9 civile b\u00e9n\u00e9ficiaires de la Loi N\u00b0 23-27 du 15 juin 2023, relative \u00e0 la protection et \u00e0 la responsabilit\u00e9 des d\u00e9fenseur.e.s des droits humains en RDC\"}]},{\"@type\":\"WebSite\",\"@id\":\"https:\\\/\\\/www.focus-obs.org\\\/es\\\/#website\",\"url\":\"https:\\\/\\\/www.focus-obs.org\\\/es\\\/\",\"name\":\"Focus: The Observatory On Public Policies For Defenders\",\"description\":\"The Observatory On Public Policies For Defenders\",\"publisher\":{\"@id\":\"https:\\\/\\\/www.focus-obs.org\\\/es\\\/#organization\"},\"potentialAction\":[{\"@type\":\"SearchAction\",\"target\":{\"@type\":\"EntryPoint\",\"urlTemplate\":\"https:\\\/\\\/www.focus-obs.org\\\/es\\\/?s={search_term_string}\"},\"query-input\":{\"@type\":\"PropertyValueSpecification\",\"valueRequired\":true,\"valueName\":\"search_term_string\"}}],\"inLanguage\":\"fr-FR\"},{\"@type\":\"Organization\",\"@id\":\"https:\\\/\\\/www.focus-obs.org\\\/es\\\/#organization\",\"name\":\"Focus: The Observatory On Public Policies For Defenders\",\"url\":\"https:\\\/\\\/www.focus-obs.org\\\/es\\\/\",\"logo\":{\"@type\":\"ImageObject\",\"inLanguage\":\"fr-FR\",\"@id\":\"https:\\\/\\\/www.focus-obs.org\\\/es\\\/#\\\/schema\\\/logo\\\/image\\\/\",\"url\":\"https:\\\/\\\/www.focus-obs.org\\\/wp-content\\\/uploads\\\/2021\\\/01\\\/logo-focus-white-on-black-1.png\",\"contentUrl\":\"https:\\\/\\\/www.focus-obs.org\\\/wp-content\\\/uploads\\\/2021\\\/01\\\/logo-focus-white-on-black-1.png\",\"width\":2132,\"height\":735,\"caption\":\"Focus: The Observatory On Public Policies For Defenders\"},\"image\":{\"@id\":\"https:\\\/\\\/www.focus-obs.org\\\/es\\\/#\\\/schema\\\/logo\\\/image\\\/\"}}]}<\/script>\n<!-- \/ Yoast SEO plugin. -->","yoast_head_json":{"title":"RDC: Organisations environnementales de la soci\u00e9t\u00e9 civile b\u00e9n\u00e9ficiaires de la Loi N\u00b0 23-27 du 15 juin 2023, relative \u00e0 la protection et \u00e0 la responsabilit\u00e9 des d\u00e9fenseur.e.s des droits humains en RDC - Focus: The Observatory On Public Policies For Defenders","robots":{"index":"index","follow":"follow","max-snippet":"max-snippet:-1","max-image-preview":"max-image-preview:large","max-video-preview":"max-video-preview:-1"},"canonical":"https:\/\/www.focus-obs.org\/fr\/documents\/drc-the-environmental-civil-society-organizations-benefiting-from-law-no-23-27-of-june-15-2023-concerning-the-protection-and-responsibility-of-human-rights-defenders-in-the-drc\/","og_locale":"fr_FR","og_type":"article","og_title":"RDC: Organisations environnementales de la soci\u00e9t\u00e9 civile b\u00e9n\u00e9ficiaires de la Loi N\u00b0 23-27 du 15 juin 2023, relative \u00e0 la protection et \u00e0 la responsabilit\u00e9 des d\u00e9fenseur.e.s des droits humains en RDC - Focus: The Observatory On Public Policies For Defenders","og_description":"Des organisations de la soci\u00e9t\u00e9 civile de la R\u00e9publique d\u00e9mocratique du Congo (RDC) ont envoy\u00e9 une lettre ouverte \u00e0 la pr\u00e9sidente de la Commission nationale des droits de l&rsquo;homme (CNDH \u00e0 Kinshasa) pour exprimer leurs pr\u00e9occupations concernant le contenu de la Loi N\u00b0 23-27 du 15 juin 2023, relative \u00e0 la protection et \u00e0 la [&hellip;]","og_url":"https:\/\/www.focus-obs.org\/fr\/documents\/drc-the-environmental-civil-society-organizations-benefiting-from-law-no-23-27-of-june-15-2023-concerning-the-protection-and-responsibility-of-human-rights-defenders-in-the-drc\/","og_site_name":"Focus: The Observatory On Public Policies For Defenders","article_modified_time":"2023-11-21T15:43:34+00:00","twitter_card":"summary_large_image","twitter_misc":{"Dur\u00e9e de lecture estim\u00e9e":"1 minute"},"schema":{"@context":"https:\/\/schema.org","@graph":[{"@type":"WebPage","@id":"https:\/\/www.focus-obs.org\/fr\/documents\/drc-the-environmental-civil-society-organizations-benefiting-from-law-no-23-27-of-june-15-2023-concerning-the-protection-and-responsibility-of-human-rights-defenders-in-the-drc\/","url":"https:\/\/www.focus-obs.org\/fr\/documents\/drc-the-environmental-civil-society-organizations-benefiting-from-law-no-23-27-of-june-15-2023-concerning-the-protection-and-responsibility-of-human-rights-defenders-in-the-drc\/","name":"RDC: Organisations environnementales de la soci\u00e9t\u00e9 civile b\u00e9n\u00e9ficiaires de la Loi N\u00b0 23-27 du 15 juin 2023, relative \u00e0 la protection et \u00e0 la responsabilit\u00e9 des d\u00e9fenseur.e.s des droits humains en RDC - Focus: The Observatory On Public Policies For Defenders","isPartOf":{"@id":"https:\/\/www.focus-obs.org\/es\/#website"},"datePublished":"2023-11-21T14:45:28+00:00","dateModified":"2023-11-21T15:43:34+00:00","breadcrumb":{"@id":"https:\/\/www.focus-obs.org\/fr\/documents\/drc-the-environmental-civil-society-organizations-benefiting-from-law-no-23-27-of-june-15-2023-concerning-the-protection-and-responsibility-of-human-rights-defenders-in-the-drc\/#breadcrumb"},"inLanguage":"fr-FR","potentialAction":[{"@type":"ReadAction","target":["https:\/\/www.focus-obs.org\/fr\/documents\/drc-the-environmental-civil-society-organizations-benefiting-from-law-no-23-27-of-june-15-2023-concerning-the-protection-and-responsibility-of-human-rights-defenders-in-the-drc\/"]}]},{"@type":"BreadcrumbList","@id":"https:\/\/www.focus-obs.org\/fr\/documents\/drc-the-environmental-civil-society-organizations-benefiting-from-law-no-23-27-of-june-15-2023-concerning-the-protection-and-responsibility-of-human-rights-defenders-in-the-drc\/#breadcrumb","itemListElement":[{"@type":"ListItem","position":1,"name":"Home","item":"https:\/\/www.focus-obs.org\/fr\/acceuil\/"},{"@type":"ListItem","position":2,"name":"Documents","item":"https:\/\/www.focus-obs.org\/es\/documents\/"},{"@type":"ListItem","position":3,"name":"RDC: Organisations environnementales de la soci\u00e9t\u00e9 civile b\u00e9n\u00e9ficiaires de la Loi N\u00b0 23-27 du 15 juin 2023, relative \u00e0 la protection et \u00e0 la responsabilit\u00e9 des d\u00e9fenseur.e.s des droits humains en RDC"}]},{"@type":"WebSite","@id":"https:\/\/www.focus-obs.org\/es\/#website","url":"https:\/\/www.focus-obs.org\/es\/","name":"Focus: The Observatory On Public Policies For Defenders","description":"The Observatory On Public Policies For Defenders","publisher":{"@id":"https:\/\/www.focus-obs.org\/es\/#organization"},"potentialAction":[{"@type":"SearchAction","target":{"@type":"EntryPoint","urlTemplate":"https:\/\/www.focus-obs.org\/es\/?s={search_term_string}"},"query-input":{"@type":"PropertyValueSpecification","valueRequired":true,"valueName":"search_term_string"}}],"inLanguage":"fr-FR"},{"@type":"Organization","@id":"https:\/\/www.focus-obs.org\/es\/#organization","name":"Focus: The Observatory On Public Policies For Defenders","url":"https:\/\/www.focus-obs.org\/es\/","logo":{"@type":"ImageObject","inLanguage":"fr-FR","@id":"https:\/\/www.focus-obs.org\/es\/#\/schema\/logo\/image\/","url":"https:\/\/www.focus-obs.org\/wp-content\/uploads\/2021\/01\/logo-focus-white-on-black-1.png","contentUrl":"https:\/\/www.focus-obs.org\/wp-content\/uploads\/2021\/01\/logo-focus-white-on-black-1.png","width":2132,"height":735,"caption":"Focus: The Observatory On Public Policies For Defenders"},"image":{"@id":"https:\/\/www.focus-obs.org\/es\/#\/schema\/logo\/image\/"}}]}},"_links":{"self":[{"href":"https:\/\/www.focus-obs.org\/fr\/wp-json\/wp\/v2\/documents\/11501","targetHints":{"allow":["GET"]}}],"collection":[{"href":"https:\/\/www.focus-obs.org\/fr\/wp-json\/wp\/v2\/documents"}],"about":[{"href":"https:\/\/www.focus-obs.org\/fr\/wp-json\/wp\/v2\/types\/documents"}],"version-history":[{"count":4,"href":"https:\/\/www.focus-obs.org\/fr\/wp-json\/wp\/v2\/documents\/11501\/revisions"}],"predecessor-version":[{"id":11514,"href":"https:\/\/www.focus-obs.org\/fr\/wp-json\/wp\/v2\/documents\/11501\/revisions\/11514"}],"wp:attachment":[{"href":"https:\/\/www.focus-obs.org\/fr\/wp-json\/wp\/v2\/media?parent=11501"}],"wp:term":[{"taxonomy":"document-original-language","embeddable":true,"href":"https:\/\/www.focus-obs.org\/fr\/wp-json\/wp\/v2\/document-original-language?post=11501"},{"taxonomy":"authorship","embeddable":true,"href":"https:\/\/www.focus-obs.org\/fr\/wp-json\/wp\/v2\/authorship?post=11501"},{"taxonomy":"type-of-document","embeddable":true,"href":"https:\/\/www.focus-obs.org\/fr\/wp-json\/wp\/v2\/type-of-document?post=11501"},{"taxonomy":"progress","embeddable":true,"href":"https:\/\/www.focus-obs.org\/fr\/wp-json\/wp\/v2\/progress?post=11501"},{"taxonomy":"location","embeddable":true,"href":"https:\/\/www.focus-obs.org\/fr\/wp-json\/wp\/v2\/location?post=11501"}],"curies":[{"name":"wp","href":"https:\/\/api.w.org\/{rel}","templated":true}]}}