{"id":11034,"date":"2023-04-20T16:58:21","date_gmt":"2023-04-20T14:58:21","guid":{"rendered":"https:\/\/www.focus-obs.org\/documents\/europe-in-defence-of-defenders-a-practical-guide-to-legal-means-and-advocacy-tools-for-criminalised-human-rights-defenders-in-europe\/"},"modified":"2023-11-20T15:59:01","modified_gmt":"2023-11-20T14:59:01","slug":"europe-in-defence-of-defenders-a-practical-guide-to-legal-means-and-advocacy-tools-for-criminalised-human-rights-defenders-in-europe","status":"publish","type":"documents","link":"https:\/\/www.focus-obs.org\/fr\/documents\/europe-in-defence-of-defenders-a-practical-guide-to-legal-means-and-advocacy-tools-for-criminalised-human-rights-defenders-in-europe\/","title":{"rendered":"Europe: Pour la d\u00e9fense des d\u00e9fenseurs. Un guide pratique des moyens juridiques et des outils de plaidoyer pour les d\u00e9fenseurs des droits de l&rsquo;homme criminalis\u00e9s en Europe"},"content":{"rendered":"\n<p class=\"wp-block-paragraph\">Cette bo\u00eete \u00e0 outils vise \u00e0 soutenir les d\u00e9fenseurs des droits de l&rsquo;homme affect\u00e9s en leur montrant des m\u00e9canismes et des voies d&rsquo;aide et d&rsquo;autod\u00e9fense dans les cas de criminalisation \u00e0 diff\u00e9rents niveaux.<br>Elle dresse une liste exhaustive de ce qui a \u00e9t\u00e9 identifi\u00e9 comme la l\u00e9gislation et les m\u00e9canismes les plus pertinents pour prot\u00e9ger les d\u00e9fenseurs des droits de l&rsquo;homme qui sont confront\u00e9s \u00e0 la criminalisation en raison de leur travail, ainsi que des outils de plaidoyer qui ont \u00e9t\u00e9 jug\u00e9s utiles dans de telles situations.<\/p>\n\n\n\n<p class=\"wp-block-paragraph\">Le corps principal de cette bo\u00eete \u00e0 outils consiste en des \u00e9laborations sur la l\u00e9gislation, les m\u00e9canismes de protection et les pistes de plaidoyer, class\u00e9es par niveau g\u00e9ographique. Ceux-ci sont (par ordre d&rsquo;apparition) : au niveau international, les Nations unies, d&rsquo;autres niveaux internationaux et, au niveau transnational, l&rsquo;Union europ\u00e9enne. Au niveau national, cette bo\u00eete \u00e0 outils se concentre sur la Croatie et la Gr\u00e8ce.<\/p>\n\n\n\n<figure class=\"wp-block-image size-full\"><a href=\"https:\/\/gr.boell.org\/en\/2023\/02\/23\/defence-defenders\" target=\"_blank\" rel=\"noreferrer noopener\"><img decoding=\"async\" width=\"106\" height=\"150\" src=\"https:\/\/www.focus-obs.org\/wp-content\/uploads\/2023\/04\/image-5.png\" alt=\"\" class=\"wp-image-11087\"\/><\/a><\/figure>\n","protected":false},"template":"","document-original-language":[351],"authorship":[206],"type-of-document":[166],"progress":[],"location":[244,417,481,485],"class_list":["post-11034","documents","type-documents","status-publish","hentry","document-original-language-en-fr","authorship-societe-civile-et-universites","type-of-document-etude-ou-analyse","location-europe-eurasie","location-grece","location-europe-fr","location-croatie"],"yoast_head":"<!-- This site is optimized with the Yoast SEO plugin v28.4 - https:\/\/yoast.com\/product\/yoast-seo-wordpress\/ -->\n<title>Europe: Pour la d\u00e9fense des d\u00e9fenseurs. Un guide pratique des moyens juridiques et des outils de plaidoyer pour les d\u00e9fenseurs des droits de l&#039;homme criminalis\u00e9s en Europe - Focus: The Observatory On Public Policies For Defenders<\/title>\n<meta name=\"robots\" content=\"index, follow, max-snippet:-1, max-image-preview:large, max-video-preview:-1\" \/>\n<link rel=\"canonical\" href=\"https:\/\/www.focus-obs.org\/fr\/documents\/europe-in-defence-of-defenders-a-practical-guide-to-legal-means-and-advocacy-tools-for-criminalised-human-rights-defenders-in-europe\/\" \/>\n<meta property=\"og:locale\" content=\"fr_FR\" \/>\n<meta property=\"og:type\" content=\"article\" \/>\n<meta property=\"og:title\" content=\"Europe: Pour la d\u00e9fense des d\u00e9fenseurs. Un guide pratique des moyens juridiques et des outils de plaidoyer pour les d\u00e9fenseurs des droits de l&#039;homme criminalis\u00e9s en Europe - Focus: The Observatory On Public Policies For Defenders\" \/>\n<meta property=\"og:description\" content=\"Cette bo\u00eete \u00e0 outils vise \u00e0 soutenir les d\u00e9fenseurs des droits de l&rsquo;homme affect\u00e9s en leur montrant des m\u00e9canismes et des voies d&rsquo;aide et d&rsquo;autod\u00e9fense dans les cas de criminalisation \u00e0 diff\u00e9rents niveaux.Elle dresse une liste exhaustive de ce qui a \u00e9t\u00e9 identifi\u00e9 comme la l\u00e9gislation et les m\u00e9canismes les plus pertinents pour prot\u00e9ger les [&hellip;]\" \/>\n<meta property=\"og:url\" content=\"https:\/\/www.focus-obs.org\/fr\/documents\/europe-in-defence-of-defenders-a-practical-guide-to-legal-means-and-advocacy-tools-for-criminalised-human-rights-defenders-in-europe\/\" \/>\n<meta property=\"og:site_name\" content=\"Focus: The Observatory On Public Policies For Defenders\" \/>\n<meta property=\"article:modified_time\" content=\"2023-11-20T14:59:01+00:00\" \/>\n<meta property=\"og:image\" content=\"https:\/\/www.focus-obs.org\/wp-content\/uploads\/2023\/04\/image-5.png\" \/>\n\t<meta property=\"og:image:width\" content=\"106\" \/>\n\t<meta property=\"og:image:height\" content=\"150\" \/>\n\t<meta property=\"og:image:type\" content=\"image\/png\" \/>\n<meta name=\"twitter:card\" content=\"summary_large_image\" \/>\n<meta name=\"twitter:label1\" content=\"Dur\u00e9e de lecture estim\u00e9e\" \/>\n\t<meta name=\"twitter:data1\" content=\"1 minute\" \/>\n<script type=\"application\/ld+json\" class=\"yoast-schema-graph\">{\"@context\":\"https:\\\/\\\/schema.org\",\"@graph\":[{\"@type\":\"WebPage\",\"@id\":\"https:\\\/\\\/www.focus-obs.org\\\/fr\\\/documents\\\/europe-in-defence-of-defenders-a-practical-guide-to-legal-means-and-advocacy-tools-for-criminalised-human-rights-defenders-in-europe\\\/\",\"url\":\"https:\\\/\\\/www.focus-obs.org\\\/fr\\\/documents\\\/europe-in-defence-of-defenders-a-practical-guide-to-legal-means-and-advocacy-tools-for-criminalised-human-rights-defenders-in-europe\\\/\",\"name\":\"Europe: Pour la d\u00e9fense des d\u00e9fenseurs. Un guide pratique des moyens juridiques et des outils de plaidoyer pour les d\u00e9fenseurs des droits de l'homme criminalis\u00e9s en Europe - Focus: The Observatory On Public Policies For Defenders\",\"isPartOf\":{\"@id\":\"https:\\\/\\\/www.focus-obs.org\\\/es\\\/#website\"},\"primaryImageOfPage\":{\"@id\":\"https:\\\/\\\/www.focus-obs.org\\\/fr\\\/documents\\\/europe-in-defence-of-defenders-a-practical-guide-to-legal-means-and-advocacy-tools-for-criminalised-human-rights-defenders-in-europe\\\/#primaryimage\"},\"image\":{\"@id\":\"https:\\\/\\\/www.focus-obs.org\\\/fr\\\/documents\\\/europe-in-defence-of-defenders-a-practical-guide-to-legal-means-and-advocacy-tools-for-criminalised-human-rights-defenders-in-europe\\\/#primaryimage\"},\"thumbnailUrl\":\"https:\\\/\\\/www.focus-obs.org\\\/wp-content\\\/uploads\\\/2023\\\/04\\\/image-5.png\",\"datePublished\":\"2023-04-20T14:58:21+00:00\",\"dateModified\":\"2023-11-20T14:59:01+00:00\",\"breadcrumb\":{\"@id\":\"https:\\\/\\\/www.focus-obs.org\\\/fr\\\/documents\\\/europe-in-defence-of-defenders-a-practical-guide-to-legal-means-and-advocacy-tools-for-criminalised-human-rights-defenders-in-europe\\\/#breadcrumb\"},\"inLanguage\":\"fr-FR\",\"potentialAction\":[{\"@type\":\"ReadAction\",\"target\":[\"https:\\\/\\\/www.focus-obs.org\\\/fr\\\/documents\\\/europe-in-defence-of-defenders-a-practical-guide-to-legal-means-and-advocacy-tools-for-criminalised-human-rights-defenders-in-europe\\\/\"]}]},{\"@type\":\"ImageObject\",\"inLanguage\":\"fr-FR\",\"@id\":\"https:\\\/\\\/www.focus-obs.org\\\/fr\\\/documents\\\/europe-in-defence-of-defenders-a-practical-guide-to-legal-means-and-advocacy-tools-for-criminalised-human-rights-defenders-in-europe\\\/#primaryimage\",\"url\":\"https:\\\/\\\/www.focus-obs.org\\\/wp-content\\\/uploads\\\/2023\\\/04\\\/image-5.png\",\"contentUrl\":\"https:\\\/\\\/www.focus-obs.org\\\/wp-content\\\/uploads\\\/2023\\\/04\\\/image-5.png\"},{\"@type\":\"BreadcrumbList\",\"@id\":\"https:\\\/\\\/www.focus-obs.org\\\/fr\\\/documents\\\/europe-in-defence-of-defenders-a-practical-guide-to-legal-means-and-advocacy-tools-for-criminalised-human-rights-defenders-in-europe\\\/#breadcrumb\",\"itemListElement\":[{\"@type\":\"ListItem\",\"position\":1,\"name\":\"Home\",\"item\":\"https:\\\/\\\/www.focus-obs.org\\\/fr\\\/acceuil\\\/\"},{\"@type\":\"ListItem\",\"position\":2,\"name\":\"Documents\",\"item\":\"https:\\\/\\\/www.focus-obs.org\\\/es\\\/documents\\\/\"},{\"@type\":\"ListItem\",\"position\":3,\"name\":\"Europe: Pour la d\u00e9fense des d\u00e9fenseurs. Un guide pratique des moyens juridiques et des outils de plaidoyer pour les d\u00e9fenseurs des droits de l&#8217;homme criminalis\u00e9s en Europe\"}]},{\"@type\":\"WebSite\",\"@id\":\"https:\\\/\\\/www.focus-obs.org\\\/es\\\/#website\",\"url\":\"https:\\\/\\\/www.focus-obs.org\\\/es\\\/\",\"name\":\"Focus: The Observatory On Public Policies For Defenders\",\"description\":\"The Observatory On Public Policies For Defenders\",\"publisher\":{\"@id\":\"https:\\\/\\\/www.focus-obs.org\\\/es\\\/#organization\"},\"potentialAction\":[{\"@type\":\"SearchAction\",\"target\":{\"@type\":\"EntryPoint\",\"urlTemplate\":\"https:\\\/\\\/www.focus-obs.org\\\/es\\\/?s={search_term_string}\"},\"query-input\":{\"@type\":\"PropertyValueSpecification\",\"valueRequired\":true,\"valueName\":\"search_term_string\"}}],\"inLanguage\":\"fr-FR\"},{\"@type\":\"Organization\",\"@id\":\"https:\\\/\\\/www.focus-obs.org\\\/es\\\/#organization\",\"name\":\"Focus: The Observatory On Public Policies For Defenders\",\"url\":\"https:\\\/\\\/www.focus-obs.org\\\/es\\\/\",\"logo\":{\"@type\":\"ImageObject\",\"inLanguage\":\"fr-FR\",\"@id\":\"https:\\\/\\\/www.focus-obs.org\\\/es\\\/#\\\/schema\\\/logo\\\/image\\\/\",\"url\":\"https:\\\/\\\/www.focus-obs.org\\\/wp-content\\\/uploads\\\/2021\\\/01\\\/logo-focus-white-on-black-1.png\",\"contentUrl\":\"https:\\\/\\\/www.focus-obs.org\\\/wp-content\\\/uploads\\\/2021\\\/01\\\/logo-focus-white-on-black-1.png\",\"width\":2132,\"height\":735,\"caption\":\"Focus: The Observatory On Public Policies For Defenders\"},\"image\":{\"@id\":\"https:\\\/\\\/www.focus-obs.org\\\/es\\\/#\\\/schema\\\/logo\\\/image\\\/\"}}]}<\/script>\n<!-- \/ Yoast SEO plugin. -->","yoast_head_json":{"title":"Europe: Pour la d\u00e9fense des d\u00e9fenseurs. Un guide pratique des moyens juridiques et des outils de plaidoyer pour les d\u00e9fenseurs des droits de l'homme criminalis\u00e9s en Europe - Focus: The Observatory On Public Policies For Defenders","robots":{"index":"index","follow":"follow","max-snippet":"max-snippet:-1","max-image-preview":"max-image-preview:large","max-video-preview":"max-video-preview:-1"},"canonical":"https:\/\/www.focus-obs.org\/fr\/documents\/europe-in-defence-of-defenders-a-practical-guide-to-legal-means-and-advocacy-tools-for-criminalised-human-rights-defenders-in-europe\/","og_locale":"fr_FR","og_type":"article","og_title":"Europe: Pour la d\u00e9fense des d\u00e9fenseurs. Un guide pratique des moyens juridiques et des outils de plaidoyer pour les d\u00e9fenseurs des droits de l'homme criminalis\u00e9s en Europe - Focus: The Observatory On Public Policies For Defenders","og_description":"Cette bo\u00eete \u00e0 outils vise \u00e0 soutenir les d\u00e9fenseurs des droits de l&rsquo;homme affect\u00e9s en leur montrant des m\u00e9canismes et des voies d&rsquo;aide et d&rsquo;autod\u00e9fense dans les cas de criminalisation \u00e0 diff\u00e9rents niveaux.Elle dresse une liste exhaustive de ce qui a \u00e9t\u00e9 identifi\u00e9 comme la l\u00e9gislation et les m\u00e9canismes les plus pertinents pour prot\u00e9ger les [&hellip;]","og_url":"https:\/\/www.focus-obs.org\/fr\/documents\/europe-in-defence-of-defenders-a-practical-guide-to-legal-means-and-advocacy-tools-for-criminalised-human-rights-defenders-in-europe\/","og_site_name":"Focus: The Observatory On Public Policies For Defenders","article_modified_time":"2023-11-20T14:59:01+00:00","og_image":[{"width":106,"height":150,"url":"https:\/\/www.focus-obs.org\/wp-content\/uploads\/2023\/04\/image-5.png","type":"image\/png"}],"twitter_card":"summary_large_image","twitter_misc":{"Dur\u00e9e de lecture estim\u00e9e":"1 minute"},"schema":{"@context":"https:\/\/schema.org","@graph":[{"@type":"WebPage","@id":"https:\/\/www.focus-obs.org\/fr\/documents\/europe-in-defence-of-defenders-a-practical-guide-to-legal-means-and-advocacy-tools-for-criminalised-human-rights-defenders-in-europe\/","url":"https:\/\/www.focus-obs.org\/fr\/documents\/europe-in-defence-of-defenders-a-practical-guide-to-legal-means-and-advocacy-tools-for-criminalised-human-rights-defenders-in-europe\/","name":"Europe: Pour la d\u00e9fense des d\u00e9fenseurs. Un guide pratique des moyens juridiques et des outils de plaidoyer pour les d\u00e9fenseurs des droits de l'homme criminalis\u00e9s en Europe - Focus: The Observatory On Public Policies For Defenders","isPartOf":{"@id":"https:\/\/www.focus-obs.org\/es\/#website"},"primaryImageOfPage":{"@id":"https:\/\/www.focus-obs.org\/fr\/documents\/europe-in-defence-of-defenders-a-practical-guide-to-legal-means-and-advocacy-tools-for-criminalised-human-rights-defenders-in-europe\/#primaryimage"},"image":{"@id":"https:\/\/www.focus-obs.org\/fr\/documents\/europe-in-defence-of-defenders-a-practical-guide-to-legal-means-and-advocacy-tools-for-criminalised-human-rights-defenders-in-europe\/#primaryimage"},"thumbnailUrl":"https:\/\/www.focus-obs.org\/wp-content\/uploads\/2023\/04\/image-5.png","datePublished":"2023-04-20T14:58:21+00:00","dateModified":"2023-11-20T14:59:01+00:00","breadcrumb":{"@id":"https:\/\/www.focus-obs.org\/fr\/documents\/europe-in-defence-of-defenders-a-practical-guide-to-legal-means-and-advocacy-tools-for-criminalised-human-rights-defenders-in-europe\/#breadcrumb"},"inLanguage":"fr-FR","potentialAction":[{"@type":"ReadAction","target":["https:\/\/www.focus-obs.org\/fr\/documents\/europe-in-defence-of-defenders-a-practical-guide-to-legal-means-and-advocacy-tools-for-criminalised-human-rights-defenders-in-europe\/"]}]},{"@type":"ImageObject","inLanguage":"fr-FR","@id":"https:\/\/www.focus-obs.org\/fr\/documents\/europe-in-defence-of-defenders-a-practical-guide-to-legal-means-and-advocacy-tools-for-criminalised-human-rights-defenders-in-europe\/#primaryimage","url":"https:\/\/www.focus-obs.org\/wp-content\/uploads\/2023\/04\/image-5.png","contentUrl":"https:\/\/www.focus-obs.org\/wp-content\/uploads\/2023\/04\/image-5.png"},{"@type":"BreadcrumbList","@id":"https:\/\/www.focus-obs.org\/fr\/documents\/europe-in-defence-of-defenders-a-practical-guide-to-legal-means-and-advocacy-tools-for-criminalised-human-rights-defenders-in-europe\/#breadcrumb","itemListElement":[{"@type":"ListItem","position":1,"name":"Home","item":"https:\/\/www.focus-obs.org\/fr\/acceuil\/"},{"@type":"ListItem","position":2,"name":"Documents","item":"https:\/\/www.focus-obs.org\/es\/documents\/"},{"@type":"ListItem","position":3,"name":"Europe: Pour la d\u00e9fense des d\u00e9fenseurs. Un guide pratique des moyens juridiques et des outils de plaidoyer pour les d\u00e9fenseurs des droits de l&#8217;homme criminalis\u00e9s en Europe"}]},{"@type":"WebSite","@id":"https:\/\/www.focus-obs.org\/es\/#website","url":"https:\/\/www.focus-obs.org\/es\/","name":"Focus: The Observatory On Public Policies For Defenders","description":"The Observatory On Public Policies For Defenders","publisher":{"@id":"https:\/\/www.focus-obs.org\/es\/#organization"},"potentialAction":[{"@type":"SearchAction","target":{"@type":"EntryPoint","urlTemplate":"https:\/\/www.focus-obs.org\/es\/?s={search_term_string}"},"query-input":{"@type":"PropertyValueSpecification","valueRequired":true,"valueName":"search_term_string"}}],"inLanguage":"fr-FR"},{"@type":"Organization","@id":"https:\/\/www.focus-obs.org\/es\/#organization","name":"Focus: The Observatory On Public Policies For Defenders","url":"https:\/\/www.focus-obs.org\/es\/","logo":{"@type":"ImageObject","inLanguage":"fr-FR","@id":"https:\/\/www.focus-obs.org\/es\/#\/schema\/logo\/image\/","url":"https:\/\/www.focus-obs.org\/wp-content\/uploads\/2021\/01\/logo-focus-white-on-black-1.png","contentUrl":"https:\/\/www.focus-obs.org\/wp-content\/uploads\/2021\/01\/logo-focus-white-on-black-1.png","width":2132,"height":735,"caption":"Focus: The Observatory On Public Policies For Defenders"},"image":{"@id":"https:\/\/www.focus-obs.org\/es\/#\/schema\/logo\/image\/"}}]}},"_links":{"self":[{"href":"https:\/\/www.focus-obs.org\/fr\/wp-json\/wp\/v2\/documents\/11034","targetHints":{"allow":["GET"]}}],"collection":[{"href":"https:\/\/www.focus-obs.org\/fr\/wp-json\/wp\/v2\/documents"}],"about":[{"href":"https:\/\/www.focus-obs.org\/fr\/wp-json\/wp\/v2\/types\/documents"}],"version-history":[{"count":3,"href":"https:\/\/www.focus-obs.org\/fr\/wp-json\/wp\/v2\/documents\/11034\/revisions"}],"predecessor-version":[{"id":11462,"href":"https:\/\/www.focus-obs.org\/fr\/wp-json\/wp\/v2\/documents\/11034\/revisions\/11462"}],"wp:attachment":[{"href":"https:\/\/www.focus-obs.org\/fr\/wp-json\/wp\/v2\/media?parent=11034"}],"wp:term":[{"taxonomy":"document-original-language","embeddable":true,"href":"https:\/\/www.focus-obs.org\/fr\/wp-json\/wp\/v2\/document-original-language?post=11034"},{"taxonomy":"authorship","embeddable":true,"href":"https:\/\/www.focus-obs.org\/fr\/wp-json\/wp\/v2\/authorship?post=11034"},{"taxonomy":"type-of-document","embeddable":true,"href":"https:\/\/www.focus-obs.org\/fr\/wp-json\/wp\/v2\/type-of-document?post=11034"},{"taxonomy":"progress","embeddable":true,"href":"https:\/\/www.focus-obs.org\/fr\/wp-json\/wp\/v2\/progress?post=11034"},{"taxonomy":"location","embeddable":true,"href":"https:\/\/www.focus-obs.org\/fr\/wp-json\/wp\/v2\/location?post=11034"}],"curies":[{"name":"wp","href":"https:\/\/api.w.org\/{rel}","templated":true}]}}