{"id":4676,"date":"2022-01-31T10:48:58","date_gmt":"2022-01-31T09:48:58","guid":{"rendered":"https:\/\/www.focus-obs.org\/?post_type=documents&#038;p=4676"},"modified":"2022-11-07T17:45:04","modified_gmt":"2022-11-07T16:45:04","slug":"mexico-nuevo-leon-convenio-con-secretaria-del-gobernacion-proteger-a-activistas","status":"publish","type":"documents","link":"https:\/\/www.focus-obs.org\/es\/documents\/mexico-nuevo-leon-convenio-con-secretaria-del-gobernacion-proteger-a-activistas\/","title":{"rendered":"Mexico, Nuevo Leon: convenio con Secretar\u00eda del Gobernaci\u00f3n proteger a activistas"},"content":{"rendered":"\n<p class=\"wp-block-paragraph\">MONTERREY, NL., diciembre 22 (EL UNIVERSAL).- El subsecretario de Derechos Humanos, Poblaci\u00f3n y Migraci\u00f3n de la Secretar\u00eda de Gobernaci\u00f3n, Alejandro Encinas Rodr\u00edguez, admiti\u00f3 que abatir la impunidad de delitos como los asesinatos y otras agresiones contra periodistas y personas defensoras de los derechos humanos, sigue siendo el obst\u00e1culo mayor para superar la crisis humanitaria y de violaciones a los derechos fundamentales que sufre el pa\u00eds desde el \u00faltimo trimestre del a\u00f1o 2006.<\/p>\n\n\n\n<p class=\"wp-block-paragraph\">Durante un acto para la firma de un convenio de coordinaci\u00f3n y cooperaci\u00f3n que, en representaci\u00f3n del gobierno federal, suscribi\u00f3 con el gobierno de Nuevo Le\u00f3n sobre el Mecanismo de Protecci\u00f3n para Personas de Derechos Humanos y Periodistas, Encinas Rodr\u00edguez recalc\u00f3 que mientras no se castigue a quienes incurren en ese tipo de graves actitudes antisociales y delictivas, se estar\u00e1 dando pie a un margen de tolerancia indebida. Afirm\u00f3 que adem\u00e1s de lograr una mayor coordinaci\u00f3n entre autoridades de los tres niveles de gobierno, es necesario fortalecer las capacidades de respuesta de todas las instituciones del Estado mexicano, \u00abpara encarar uno de los problemas m\u00e1s graves que seguimos enfrentando en el pa\u00eds: la violencia, las agresiones y el riesgo que enfrentan quienes ejercen la labor period\u00edstica y el derecho a defender los derechos humanos\u00bb.<\/p>\n\n\n\n<p class=\"wp-block-paragraph\">Encuentren el art\u00edculo entero <a href=\"http:\/\/pulsoslp.com.mx\/nacional\/segob-y-nl-firman-convenio-para-proteger-a-activistas\/1416603\" target=\"_blank\" rel=\"noreferrer noopener\">aqu\u00ed<\/a> en espa\u00f1ol (<a href=\"https:\/\/pulsoslp.com.mx\/\" target=\"_blank\" rel=\"noreferrer noopener\">Pulso Diario de San Luis<\/a>). <\/p>\n","protected":false},"template":"","document-original-language":[352],"authorship":[138],"type-of-document":[145],"progress":[],"location":[169,228],"class_list":["post-4676","documents","type-documents","status-publish","hentry","document-original-language-es-es","authorship-prensa","type-of-document-noticia","location-americas","location-mexico"],"yoast_head":"<!-- This site is optimized with the Yoast SEO plugin v28.4 - https:\/\/yoast.com\/product\/yoast-seo-wordpress\/ -->\n<title>Mexico, Nuevo Leon: convenio con Secretar\u00eda del Gobernaci\u00f3n proteger a activistas - Focus: The Observatory On Public Policies For Defenders<\/title>\n<meta name=\"robots\" content=\"index, follow, max-snippet:-1, max-image-preview:large, max-video-preview:-1\" \/>\n<link rel=\"canonical\" href=\"https:\/\/www.focus-obs.org\/es\/documents\/mexico-nuevo-leon-convenio-con-secretaria-del-gobernacion-proteger-a-activistas\/\" \/>\n<meta property=\"og:locale\" content=\"es_ES\" \/>\n<meta property=\"og:type\" content=\"article\" \/>\n<meta property=\"og:title\" content=\"Mexico, Nuevo Leon: convenio con Secretar\u00eda del Gobernaci\u00f3n proteger a activistas - Focus: The Observatory On Public Policies For Defenders\" \/>\n<meta property=\"og:description\" content=\"MONTERREY, NL., diciembre 22 (EL UNIVERSAL).- El subsecretario de Derechos Humanos, Poblaci\u00f3n y Migraci\u00f3n de la Secretar\u00eda de Gobernaci\u00f3n, Alejandro Encinas Rodr\u00edguez, admiti\u00f3 que abatir la impunidad de delitos como los asesinatos y otras agresiones contra periodistas y personas defensoras de los derechos humanos, sigue siendo el obst\u00e1culo mayor para superar la crisis humanitaria y [&hellip;]\" \/>\n<meta property=\"og:url\" content=\"https:\/\/www.focus-obs.org\/es\/documents\/mexico-nuevo-leon-convenio-con-secretaria-del-gobernacion-proteger-a-activistas\/\" \/>\n<meta property=\"og:site_name\" content=\"Focus: The Observatory On Public Policies For Defenders\" \/>\n<meta property=\"article:modified_time\" content=\"2022-11-07T16:45:04+00:00\" \/>\n<meta name=\"twitter:card\" content=\"summary_large_image\" \/>\n<meta name=\"twitter:label1\" content=\"Tiempo de lectura\" \/>\n\t<meta name=\"twitter:data1\" content=\"1 minuto\" \/>\n<script type=\"application\/ld+json\" class=\"yoast-schema-graph\">{\"@context\":\"https:\\\/\\\/schema.org\",\"@graph\":[{\"@type\":\"WebPage\",\"@id\":\"https:\\\/\\\/www.focus-obs.org\\\/es\\\/documents\\\/mexico-nuevo-leon-convenio-con-secretaria-del-gobernacion-proteger-a-activistas\\\/\",\"url\":\"https:\\\/\\\/www.focus-obs.org\\\/es\\\/documents\\\/mexico-nuevo-leon-convenio-con-secretaria-del-gobernacion-proteger-a-activistas\\\/\",\"name\":\"Mexico, Nuevo Leon: convenio con Secretar\u00eda del Gobernaci\u00f3n proteger a activistas - Focus: The Observatory On Public Policies For Defenders\",\"isPartOf\":{\"@id\":\"https:\\\/\\\/www.focus-obs.org\\\/es\\\/#website\"},\"datePublished\":\"2022-01-31T09:48:58+00:00\",\"dateModified\":\"2022-11-07T16:45:04+00:00\",\"breadcrumb\":{\"@id\":\"https:\\\/\\\/www.focus-obs.org\\\/es\\\/documents\\\/mexico-nuevo-leon-convenio-con-secretaria-del-gobernacion-proteger-a-activistas\\\/#breadcrumb\"},\"inLanguage\":\"es\",\"potentialAction\":[{\"@type\":\"ReadAction\",\"target\":[\"https:\\\/\\\/www.focus-obs.org\\\/es\\\/documents\\\/mexico-nuevo-leon-convenio-con-secretaria-del-gobernacion-proteger-a-activistas\\\/\"]}]},{\"@type\":\"BreadcrumbList\",\"@id\":\"https:\\\/\\\/www.focus-obs.org\\\/es\\\/documents\\\/mexico-nuevo-leon-convenio-con-secretaria-del-gobernacion-proteger-a-activistas\\\/#breadcrumb\",\"itemListElement\":[{\"@type\":\"ListItem\",\"position\":1,\"name\":\"Home\",\"item\":\"https:\\\/\\\/www.focus-obs.org\\\/es\\\/\"},{\"@type\":\"ListItem\",\"position\":2,\"name\":\"Documents\",\"item\":\"https:\\\/\\\/www.focus-obs.org\\\/es\\\/documents\\\/\"},{\"@type\":\"ListItem\",\"position\":3,\"name\":\"Mexico, Nuevo Leon: convenio con Secretar\u00eda del Gobernaci\u00f3n proteger a activistas\"}]},{\"@type\":\"WebSite\",\"@id\":\"https:\\\/\\\/www.focus-obs.org\\\/es\\\/#website\",\"url\":\"https:\\\/\\\/www.focus-obs.org\\\/es\\\/\",\"name\":\"Focus: The Observatory On Public Policies For Defenders\",\"description\":\"The Observatory On Public Policies For Defenders\",\"publisher\":{\"@id\":\"https:\\\/\\\/www.focus-obs.org\\\/es\\\/#organization\"},\"potentialAction\":[{\"@type\":\"SearchAction\",\"target\":{\"@type\":\"EntryPoint\",\"urlTemplate\":\"https:\\\/\\\/www.focus-obs.org\\\/es\\\/?s={search_term_string}\"},\"query-input\":{\"@type\":\"PropertyValueSpecification\",\"valueRequired\":true,\"valueName\":\"search_term_string\"}}],\"inLanguage\":\"es\"},{\"@type\":\"Organization\",\"@id\":\"https:\\\/\\\/www.focus-obs.org\\\/es\\\/#organization\",\"name\":\"Focus: The Observatory On Public Policies For Defenders\",\"url\":\"https:\\\/\\\/www.focus-obs.org\\\/es\\\/\",\"logo\":{\"@type\":\"ImageObject\",\"inLanguage\":\"es\",\"@id\":\"https:\\\/\\\/www.focus-obs.org\\\/es\\\/#\\\/schema\\\/logo\\\/image\\\/\",\"url\":\"https:\\\/\\\/www.focus-obs.org\\\/wp-content\\\/uploads\\\/2021\\\/01\\\/logo-focus-white-on-black-1.png\",\"contentUrl\":\"https:\\\/\\\/www.focus-obs.org\\\/wp-content\\\/uploads\\\/2021\\\/01\\\/logo-focus-white-on-black-1.png\",\"width\":2132,\"height\":735,\"caption\":\"Focus: The Observatory On Public Policies For Defenders\"},\"image\":{\"@id\":\"https:\\\/\\\/www.focus-obs.org\\\/es\\\/#\\\/schema\\\/logo\\\/image\\\/\"}}]}<\/script>\n<!-- \/ Yoast SEO plugin. -->","yoast_head_json":{"title":"Mexico, Nuevo Leon: convenio con Secretar\u00eda del Gobernaci\u00f3n proteger a activistas - Focus: The Observatory On Public Policies For Defenders","robots":{"index":"index","follow":"follow","max-snippet":"max-snippet:-1","max-image-preview":"max-image-preview:large","max-video-preview":"max-video-preview:-1"},"canonical":"https:\/\/www.focus-obs.org\/es\/documents\/mexico-nuevo-leon-convenio-con-secretaria-del-gobernacion-proteger-a-activistas\/","og_locale":"es_ES","og_type":"article","og_title":"Mexico, Nuevo Leon: convenio con Secretar\u00eda del Gobernaci\u00f3n proteger a activistas - Focus: The Observatory On Public Policies For Defenders","og_description":"MONTERREY, NL., diciembre 22 (EL UNIVERSAL).- El subsecretario de Derechos Humanos, Poblaci\u00f3n y Migraci\u00f3n de la Secretar\u00eda de Gobernaci\u00f3n, Alejandro Encinas Rodr\u00edguez, admiti\u00f3 que abatir la impunidad de delitos como los asesinatos y otras agresiones contra periodistas y personas defensoras de los derechos humanos, sigue siendo el obst\u00e1culo mayor para superar la crisis humanitaria y [&hellip;]","og_url":"https:\/\/www.focus-obs.org\/es\/documents\/mexico-nuevo-leon-convenio-con-secretaria-del-gobernacion-proteger-a-activistas\/","og_site_name":"Focus: The Observatory On Public Policies For Defenders","article_modified_time":"2022-11-07T16:45:04+00:00","twitter_card":"summary_large_image","twitter_misc":{"Tiempo de lectura":"1 minuto"},"schema":{"@context":"https:\/\/schema.org","@graph":[{"@type":"WebPage","@id":"https:\/\/www.focus-obs.org\/es\/documents\/mexico-nuevo-leon-convenio-con-secretaria-del-gobernacion-proteger-a-activistas\/","url":"https:\/\/www.focus-obs.org\/es\/documents\/mexico-nuevo-leon-convenio-con-secretaria-del-gobernacion-proteger-a-activistas\/","name":"Mexico, Nuevo Leon: convenio con Secretar\u00eda del Gobernaci\u00f3n proteger a activistas - Focus: The Observatory On Public Policies For Defenders","isPartOf":{"@id":"https:\/\/www.focus-obs.org\/es\/#website"},"datePublished":"2022-01-31T09:48:58+00:00","dateModified":"2022-11-07T16:45:04+00:00","breadcrumb":{"@id":"https:\/\/www.focus-obs.org\/es\/documents\/mexico-nuevo-leon-convenio-con-secretaria-del-gobernacion-proteger-a-activistas\/#breadcrumb"},"inLanguage":"es","potentialAction":[{"@type":"ReadAction","target":["https:\/\/www.focus-obs.org\/es\/documents\/mexico-nuevo-leon-convenio-con-secretaria-del-gobernacion-proteger-a-activistas\/"]}]},{"@type":"BreadcrumbList","@id":"https:\/\/www.focus-obs.org\/es\/documents\/mexico-nuevo-leon-convenio-con-secretaria-del-gobernacion-proteger-a-activistas\/#breadcrumb","itemListElement":[{"@type":"ListItem","position":1,"name":"Home","item":"https:\/\/www.focus-obs.org\/es\/"},{"@type":"ListItem","position":2,"name":"Documents","item":"https:\/\/www.focus-obs.org\/es\/documents\/"},{"@type":"ListItem","position":3,"name":"Mexico, Nuevo Leon: convenio con Secretar\u00eda del Gobernaci\u00f3n proteger a activistas"}]},{"@type":"WebSite","@id":"https:\/\/www.focus-obs.org\/es\/#website","url":"https:\/\/www.focus-obs.org\/es\/","name":"Focus: The Observatory On Public Policies For Defenders","description":"The Observatory On Public Policies For Defenders","publisher":{"@id":"https:\/\/www.focus-obs.org\/es\/#organization"},"potentialAction":[{"@type":"SearchAction","target":{"@type":"EntryPoint","urlTemplate":"https:\/\/www.focus-obs.org\/es\/?s={search_term_string}"},"query-input":{"@type":"PropertyValueSpecification","valueRequired":true,"valueName":"search_term_string"}}],"inLanguage":"es"},{"@type":"Organization","@id":"https:\/\/www.focus-obs.org\/es\/#organization","name":"Focus: The Observatory On Public Policies For Defenders","url":"https:\/\/www.focus-obs.org\/es\/","logo":{"@type":"ImageObject","inLanguage":"es","@id":"https:\/\/www.focus-obs.org\/es\/#\/schema\/logo\/image\/","url":"https:\/\/www.focus-obs.org\/wp-content\/uploads\/2021\/01\/logo-focus-white-on-black-1.png","contentUrl":"https:\/\/www.focus-obs.org\/wp-content\/uploads\/2021\/01\/logo-focus-white-on-black-1.png","width":2132,"height":735,"caption":"Focus: The Observatory On Public Policies For Defenders"},"image":{"@id":"https:\/\/www.focus-obs.org\/es\/#\/schema\/logo\/image\/"}}]}},"_links":{"self":[{"href":"https:\/\/www.focus-obs.org\/es\/wp-json\/wp\/v2\/documents\/4676","targetHints":{"allow":["GET"]}}],"collection":[{"href":"https:\/\/www.focus-obs.org\/es\/wp-json\/wp\/v2\/documents"}],"about":[{"href":"https:\/\/www.focus-obs.org\/es\/wp-json\/wp\/v2\/types\/documents"}],"version-history":[{"count":3,"href":"https:\/\/www.focus-obs.org\/es\/wp-json\/wp\/v2\/documents\/4676\/revisions"}],"predecessor-version":[{"id":8367,"href":"https:\/\/www.focus-obs.org\/es\/wp-json\/wp\/v2\/documents\/4676\/revisions\/8367"}],"wp:attachment":[{"href":"https:\/\/www.focus-obs.org\/es\/wp-json\/wp\/v2\/media?parent=4676"}],"wp:term":[{"taxonomy":"document-original-language","embeddable":true,"href":"https:\/\/www.focus-obs.org\/es\/wp-json\/wp\/v2\/document-original-language?post=4676"},{"taxonomy":"authorship","embeddable":true,"href":"https:\/\/www.focus-obs.org\/es\/wp-json\/wp\/v2\/authorship?post=4676"},{"taxonomy":"type-of-document","embeddable":true,"href":"https:\/\/www.focus-obs.org\/es\/wp-json\/wp\/v2\/type-of-document?post=4676"},{"taxonomy":"progress","embeddable":true,"href":"https:\/\/www.focus-obs.org\/es\/wp-json\/wp\/v2\/progress?post=4676"},{"taxonomy":"location","embeddable":true,"href":"https:\/\/www.focus-obs.org\/es\/wp-json\/wp\/v2\/location?post=4676"}],"curies":[{"name":"wp","href":"https:\/\/api.w.org\/{rel}","templated":true}]}}