{"id":4261,"date":"2021-10-15T10:43:38","date_gmt":"2021-10-15T08:43:38","guid":{"rendered":"https:\/\/www.focus-obs.org\/documents\/the-time-is-now-effective-public-policies-for-the-right-to-defend-human-rights\/"},"modified":"2023-07-17T12:36:48","modified_gmt":"2023-07-17T10:36:48","slug":"protection-international-es-tiempo-ya-politicas-publicas-eficaces-para-el-derecho-a-defender-los-derechos-humanos","status":"publish","type":"documents","link":"https:\/\/www.focus-obs.org\/es\/documents\/protection-international-es-tiempo-ya-politicas-publicas-eficaces-para-el-derecho-a-defender-los-derechos-humanos\/","title":{"rendered":"Protection International: Es Tiempo Ya! Pol\u00edticas publicas eficaces para el derecho a defender los derechos humanos"},"content":{"rendered":"\n<p class=\"wp-block-paragraph\">Ante el elevado n\u00famero de agresiones contra defensores de derechos humanos en las Am\u00e9ricas (y el resto del mundo), <em>ES TIEMPO YA<\/em> intenta averiguar qu\u00e9 est\u00e1 fallando con los mecanismos y programas nacionales que varios gobiernos de la regi\u00f3n han puesta en marcha para protegerlos.<\/p>\n\n\n\n<p class=\"wp-block-paragraph\">Protection International y CEJIL unen su experiencia en la regi\u00f3n y aportan con este libro un <strong>enfoque novedoso, que ofrece nuevas posibilidades para mejorar las pol\u00edticas de protecci\u00f3n<\/strong>.<\/p>\n\n\n\n<p class=\"wp-block-paragraph\">Desde su lanzamiento, Es Tiempo Ya ha sido presentado en Colombia, Honduras, Guatemala, Ginebra, Per\u00fa y Paraguay.<\/p>\n\n\n\n<hr class=\"wp-block-separator has-css-opacity\"\/>\n\n\n\n<p class=\"wp-block-paragraph\"><em>ES TIEMPO YA<\/em> tambi\u00e9n est\u00e1 disponible en <a href=\"https:\/\/www.protectioninternational.org\/sites\/default\/files\/20180620_The%20time%20is%20NOW.pdf\">ingl\u00e9s<\/a>.&nbsp;<\/p>\n\n\n\n<p class=\"wp-block-paragraph\">Encuentre la s\u00edntesis de la publicaci\u00f3n en <a href=\"https:\/\/www.protectioninternational.org\/sites\/default\/files\/2018-Es-Tiempo-YA-sinthesis.pdf\" target=\"_blank\" rel=\"noreferrer noopener\">espa\u00f1ol<\/a> y <a href=\"https:\/\/www.protectioninternational.org\/sites\/default\/files\/2018-The_time_is_now-synthesis-web.pdf\" target=\"_blank\" rel=\"noreferrer noopener\">ingl\u00e9s<\/a>.\u00a0<\/p>\n\n\n\n<p class=\"wp-block-paragraph\">Encuentren la  publicaci\u00f3n original <a href=\"https:\/\/www.protectioninternational.org\/researchpublications\/the-time-is-now-effective-public-policies-for-the-right-to-defend-human-rights\/\" target=\"_blank\" rel=\"noreferrer noopener\">aqu\u00ed<\/a> en espa\u00f1ol y ingl\u00e9s (<a href=\"https:\/\/www.protectioninternational.org\/\" target=\"_blank\" rel=\"noreferrer noopener\">Protection International<\/a> y el <a href=\"https:\/\/www.cejil.org\/\" target=\"_blank\" rel=\"noreferrer noopener\">Centre for Justice and International Law (CEJIL)<\/a>).<\/p>\n","protected":false},"template":"","document-original-language":[352],"authorship":[438],"type-of-document":[144],"progress":[],"location":[169],"class_list":["post-4261","documents","type-documents","status-publish","hentry","document-original-language-es-es","authorship-protection-international-es","type-of-document-d-estudio-o-analisis","location-americas"],"yoast_head":"<!-- This site is optimized with the Yoast SEO plugin v28.4 - https:\/\/yoast.com\/product\/yoast-seo-wordpress\/ -->\n<title>Protection International: Es Tiempo Ya! Pol\u00edticas publicas eficaces para el derecho a defender los derechos humanos - Focus: The Observatory On Public Policies For Defenders<\/title>\n<meta name=\"robots\" content=\"index, follow, max-snippet:-1, max-image-preview:large, max-video-preview:-1\" \/>\n<link rel=\"canonical\" href=\"https:\/\/www.focus-obs.org\/es\/documents\/protection-international-es-tiempo-ya-politicas-publicas-eficaces-para-el-derecho-a-defender-los-derechos-humanos\/\" \/>\n<meta property=\"og:locale\" content=\"es_ES\" \/>\n<meta property=\"og:type\" content=\"article\" \/>\n<meta property=\"og:title\" content=\"Protection International: Es Tiempo Ya! Pol\u00edticas publicas eficaces para el derecho a defender los derechos humanos - Focus: The Observatory On Public Policies For Defenders\" \/>\n<meta property=\"og:description\" content=\"Ante el elevado n\u00famero de agresiones contra defensores de derechos humanos en las Am\u00e9ricas (y el resto del mundo), ES TIEMPO YA intenta averiguar qu\u00e9 est\u00e1 fallando con los mecanismos y programas nacionales que varios gobiernos de la regi\u00f3n han puesta en marcha para protegerlos. Protection International y CEJIL unen su experiencia en la regi\u00f3n [&hellip;]\" \/>\n<meta property=\"og:url\" content=\"https:\/\/www.focus-obs.org\/es\/documents\/protection-international-es-tiempo-ya-politicas-publicas-eficaces-para-el-derecho-a-defender-los-derechos-humanos\/\" \/>\n<meta property=\"og:site_name\" content=\"Focus: The Observatory On Public Policies For Defenders\" \/>\n<meta property=\"article:modified_time\" content=\"2023-07-17T10:36:48+00:00\" \/>\n<meta name=\"twitter:card\" content=\"summary_large_image\" \/>\n<meta name=\"twitter:label1\" content=\"Tiempo de lectura\" \/>\n\t<meta name=\"twitter:data1\" content=\"1 minuto\" \/>\n<script type=\"application\/ld+json\" class=\"yoast-schema-graph\">{\"@context\":\"https:\\\/\\\/schema.org\",\"@graph\":[{\"@type\":\"WebPage\",\"@id\":\"https:\\\/\\\/www.focus-obs.org\\\/es\\\/documents\\\/protection-international-es-tiempo-ya-politicas-publicas-eficaces-para-el-derecho-a-defender-los-derechos-humanos\\\/\",\"url\":\"https:\\\/\\\/www.focus-obs.org\\\/es\\\/documents\\\/protection-international-es-tiempo-ya-politicas-publicas-eficaces-para-el-derecho-a-defender-los-derechos-humanos\\\/\",\"name\":\"Protection International: Es Tiempo Ya! Pol\u00edticas publicas eficaces para el derecho a defender los derechos humanos - Focus: The Observatory On Public Policies For Defenders\",\"isPartOf\":{\"@id\":\"https:\\\/\\\/www.focus-obs.org\\\/es\\\/#website\"},\"datePublished\":\"2021-10-15T08:43:38+00:00\",\"dateModified\":\"2023-07-17T10:36:48+00:00\",\"breadcrumb\":{\"@id\":\"https:\\\/\\\/www.focus-obs.org\\\/es\\\/documents\\\/protection-international-es-tiempo-ya-politicas-publicas-eficaces-para-el-derecho-a-defender-los-derechos-humanos\\\/#breadcrumb\"},\"inLanguage\":\"es\",\"potentialAction\":[{\"@type\":\"ReadAction\",\"target\":[\"https:\\\/\\\/www.focus-obs.org\\\/es\\\/documents\\\/protection-international-es-tiempo-ya-politicas-publicas-eficaces-para-el-derecho-a-defender-los-derechos-humanos\\\/\"]}]},{\"@type\":\"BreadcrumbList\",\"@id\":\"https:\\\/\\\/www.focus-obs.org\\\/es\\\/documents\\\/protection-international-es-tiempo-ya-politicas-publicas-eficaces-para-el-derecho-a-defender-los-derechos-humanos\\\/#breadcrumb\",\"itemListElement\":[{\"@type\":\"ListItem\",\"position\":1,\"name\":\"Home\",\"item\":\"https:\\\/\\\/www.focus-obs.org\\\/es\\\/\"},{\"@type\":\"ListItem\",\"position\":2,\"name\":\"Documents\",\"item\":\"https:\\\/\\\/www.focus-obs.org\\\/es\\\/documents\\\/\"},{\"@type\":\"ListItem\",\"position\":3,\"name\":\"Protection International: Es Tiempo Ya! Pol\u00edticas publicas eficaces para el derecho a defender los derechos humanos\"}]},{\"@type\":\"WebSite\",\"@id\":\"https:\\\/\\\/www.focus-obs.org\\\/es\\\/#website\",\"url\":\"https:\\\/\\\/www.focus-obs.org\\\/es\\\/\",\"name\":\"Focus: The Observatory On Public Policies For Defenders\",\"description\":\"The Observatory On Public Policies For Defenders\",\"publisher\":{\"@id\":\"https:\\\/\\\/www.focus-obs.org\\\/es\\\/#organization\"},\"potentialAction\":[{\"@type\":\"SearchAction\",\"target\":{\"@type\":\"EntryPoint\",\"urlTemplate\":\"https:\\\/\\\/www.focus-obs.org\\\/es\\\/?s={search_term_string}\"},\"query-input\":{\"@type\":\"PropertyValueSpecification\",\"valueRequired\":true,\"valueName\":\"search_term_string\"}}],\"inLanguage\":\"es\"},{\"@type\":\"Organization\",\"@id\":\"https:\\\/\\\/www.focus-obs.org\\\/es\\\/#organization\",\"name\":\"Focus: The Observatory On Public Policies For Defenders\",\"url\":\"https:\\\/\\\/www.focus-obs.org\\\/es\\\/\",\"logo\":{\"@type\":\"ImageObject\",\"inLanguage\":\"es\",\"@id\":\"https:\\\/\\\/www.focus-obs.org\\\/es\\\/#\\\/schema\\\/logo\\\/image\\\/\",\"url\":\"https:\\\/\\\/www.focus-obs.org\\\/wp-content\\\/uploads\\\/2021\\\/01\\\/logo-focus-white-on-black-1.png\",\"contentUrl\":\"https:\\\/\\\/www.focus-obs.org\\\/wp-content\\\/uploads\\\/2021\\\/01\\\/logo-focus-white-on-black-1.png\",\"width\":2132,\"height\":735,\"caption\":\"Focus: The Observatory On Public Policies For Defenders\"},\"image\":{\"@id\":\"https:\\\/\\\/www.focus-obs.org\\\/es\\\/#\\\/schema\\\/logo\\\/image\\\/\"}}]}<\/script>\n<!-- \/ Yoast SEO plugin. -->","yoast_head_json":{"title":"Protection International: Es Tiempo Ya! Pol\u00edticas publicas eficaces para el derecho a defender los derechos humanos - Focus: The Observatory On Public Policies For Defenders","robots":{"index":"index","follow":"follow","max-snippet":"max-snippet:-1","max-image-preview":"max-image-preview:large","max-video-preview":"max-video-preview:-1"},"canonical":"https:\/\/www.focus-obs.org\/es\/documents\/protection-international-es-tiempo-ya-politicas-publicas-eficaces-para-el-derecho-a-defender-los-derechos-humanos\/","og_locale":"es_ES","og_type":"article","og_title":"Protection International: Es Tiempo Ya! Pol\u00edticas publicas eficaces para el derecho a defender los derechos humanos - Focus: The Observatory On Public Policies For Defenders","og_description":"Ante el elevado n\u00famero de agresiones contra defensores de derechos humanos en las Am\u00e9ricas (y el resto del mundo), ES TIEMPO YA intenta averiguar qu\u00e9 est\u00e1 fallando con los mecanismos y programas nacionales que varios gobiernos de la regi\u00f3n han puesta en marcha para protegerlos. Protection International y CEJIL unen su experiencia en la regi\u00f3n [&hellip;]","og_url":"https:\/\/www.focus-obs.org\/es\/documents\/protection-international-es-tiempo-ya-politicas-publicas-eficaces-para-el-derecho-a-defender-los-derechos-humanos\/","og_site_name":"Focus: The Observatory On Public Policies For Defenders","article_modified_time":"2023-07-17T10:36:48+00:00","twitter_card":"summary_large_image","twitter_misc":{"Tiempo de lectura":"1 minuto"},"schema":{"@context":"https:\/\/schema.org","@graph":[{"@type":"WebPage","@id":"https:\/\/www.focus-obs.org\/es\/documents\/protection-international-es-tiempo-ya-politicas-publicas-eficaces-para-el-derecho-a-defender-los-derechos-humanos\/","url":"https:\/\/www.focus-obs.org\/es\/documents\/protection-international-es-tiempo-ya-politicas-publicas-eficaces-para-el-derecho-a-defender-los-derechos-humanos\/","name":"Protection International: Es Tiempo Ya! Pol\u00edticas publicas eficaces para el derecho a defender los derechos humanos - Focus: The Observatory On Public Policies For Defenders","isPartOf":{"@id":"https:\/\/www.focus-obs.org\/es\/#website"},"datePublished":"2021-10-15T08:43:38+00:00","dateModified":"2023-07-17T10:36:48+00:00","breadcrumb":{"@id":"https:\/\/www.focus-obs.org\/es\/documents\/protection-international-es-tiempo-ya-politicas-publicas-eficaces-para-el-derecho-a-defender-los-derechos-humanos\/#breadcrumb"},"inLanguage":"es","potentialAction":[{"@type":"ReadAction","target":["https:\/\/www.focus-obs.org\/es\/documents\/protection-international-es-tiempo-ya-politicas-publicas-eficaces-para-el-derecho-a-defender-los-derechos-humanos\/"]}]},{"@type":"BreadcrumbList","@id":"https:\/\/www.focus-obs.org\/es\/documents\/protection-international-es-tiempo-ya-politicas-publicas-eficaces-para-el-derecho-a-defender-los-derechos-humanos\/#breadcrumb","itemListElement":[{"@type":"ListItem","position":1,"name":"Home","item":"https:\/\/www.focus-obs.org\/es\/"},{"@type":"ListItem","position":2,"name":"Documents","item":"https:\/\/www.focus-obs.org\/es\/documents\/"},{"@type":"ListItem","position":3,"name":"Protection International: Es Tiempo Ya! Pol\u00edticas publicas eficaces para el derecho a defender los derechos humanos"}]},{"@type":"WebSite","@id":"https:\/\/www.focus-obs.org\/es\/#website","url":"https:\/\/www.focus-obs.org\/es\/","name":"Focus: The Observatory On Public Policies For Defenders","description":"The Observatory On Public Policies For Defenders","publisher":{"@id":"https:\/\/www.focus-obs.org\/es\/#organization"},"potentialAction":[{"@type":"SearchAction","target":{"@type":"EntryPoint","urlTemplate":"https:\/\/www.focus-obs.org\/es\/?s={search_term_string}"},"query-input":{"@type":"PropertyValueSpecification","valueRequired":true,"valueName":"search_term_string"}}],"inLanguage":"es"},{"@type":"Organization","@id":"https:\/\/www.focus-obs.org\/es\/#organization","name":"Focus: The Observatory On Public Policies For Defenders","url":"https:\/\/www.focus-obs.org\/es\/","logo":{"@type":"ImageObject","inLanguage":"es","@id":"https:\/\/www.focus-obs.org\/es\/#\/schema\/logo\/image\/","url":"https:\/\/www.focus-obs.org\/wp-content\/uploads\/2021\/01\/logo-focus-white-on-black-1.png","contentUrl":"https:\/\/www.focus-obs.org\/wp-content\/uploads\/2021\/01\/logo-focus-white-on-black-1.png","width":2132,"height":735,"caption":"Focus: The Observatory On Public Policies For Defenders"},"image":{"@id":"https:\/\/www.focus-obs.org\/es\/#\/schema\/logo\/image\/"}}]}},"_links":{"self":[{"href":"https:\/\/www.focus-obs.org\/es\/wp-json\/wp\/v2\/documents\/4261","targetHints":{"allow":["GET"]}}],"collection":[{"href":"https:\/\/www.focus-obs.org\/es\/wp-json\/wp\/v2\/documents"}],"about":[{"href":"https:\/\/www.focus-obs.org\/es\/wp-json\/wp\/v2\/types\/documents"}],"version-history":[{"count":6,"href":"https:\/\/www.focus-obs.org\/es\/wp-json\/wp\/v2\/documents\/4261\/revisions"}],"predecessor-version":[{"id":11184,"href":"https:\/\/www.focus-obs.org\/es\/wp-json\/wp\/v2\/documents\/4261\/revisions\/11184"}],"wp:attachment":[{"href":"https:\/\/www.focus-obs.org\/es\/wp-json\/wp\/v2\/media?parent=4261"}],"wp:term":[{"taxonomy":"document-original-language","embeddable":true,"href":"https:\/\/www.focus-obs.org\/es\/wp-json\/wp\/v2\/document-original-language?post=4261"},{"taxonomy":"authorship","embeddable":true,"href":"https:\/\/www.focus-obs.org\/es\/wp-json\/wp\/v2\/authorship?post=4261"},{"taxonomy":"type-of-document","embeddable":true,"href":"https:\/\/www.focus-obs.org\/es\/wp-json\/wp\/v2\/type-of-document?post=4261"},{"taxonomy":"progress","embeddable":true,"href":"https:\/\/www.focus-obs.org\/es\/wp-json\/wp\/v2\/progress?post=4261"},{"taxonomy":"location","embeddable":true,"href":"https:\/\/www.focus-obs.org\/es\/wp-json\/wp\/v2\/location?post=4261"}],"curies":[{"name":"wp","href":"https:\/\/api.w.org\/{rel}","templated":true}]}}