{"id":3378,"date":"2021-06-23T12:06:34","date_gmt":"2021-06-23T10:06:34","guid":{"rendered":"https:\/\/www.focus-obs.org\/documents\/india-promulgar-una-ley-sobre-los-defensores-de-los-derechos-humanos-y-reforzar-el-mecanismo-para-su-proteccion\/"},"modified":"2022-11-09T19:09:57","modified_gmt":"2022-11-09T18:09:57","slug":"india-promulgar-una-ley-sobre-los-defensores-de-los-derechos-humanos-y-reforzar-el-mecanismo-para-su-proteccion","status":"publish","type":"documents","link":"https:\/\/www.focus-obs.org\/es\/documents\/india-promulgar-una-ley-sobre-los-defensores-de-los-derechos-humanos-y-reforzar-el-mecanismo-para-su-proteccion\/","title":{"rendered":"India: Promulgar una ley sobre las personas defensoras de los derechos humanos y reforzar el mecanismo para su protecci\u00f3n"},"content":{"rendered":"\n<p class=\"wp-block-paragraph\">(Ginebra) &#8211; India debe elaborar una ley nacional sobre la protecci\u00f3n de las personas defensoras de los derechos humanos y reforzar la capacidad y el mandato de la comisi\u00f3n nacional de derechos humanos que se ocupa de las personas defensoras, ha declarado hoy el Servicio Internacional para los Derechos Humanos.<\/p>\n\n\n\n<p class=\"wp-block-paragraph\">El llamamiento se produce tras una declaraci\u00f3n de Human Rights Defenders Alert India que recomienda que la Comisi\u00f3n Nacional de Derechos Humanos de India establezca y dote de recursos a un punto focal dedicado a tiempo completo para intervenir en los casos en que las personas defensoras de los derechos humanos est\u00e9n en peligro y para investigar y promover la rendici\u00f3n de cuentas cuando se produzcan amenazas y ataques.<\/p>\n\n\n\n<p class=\"wp-block-paragraph\">La declaraci\u00f3n de HRDA India tambi\u00e9n pide a la Comisi\u00f3n Nacional de Derechos Humanos que colabore estrechamente con los grupos de la sociedad civil y las redes de personas defensoras de los derechos humanos para iniciar la elaboraci\u00f3n de una ley nacional de protecci\u00f3n de las personas defensoras de los derechos humanos.<\/p>\n\n\n\n<p class=\"wp-block-paragraph\">Ambos llamamientos se hacen eco de las recomendaciones clave contenidas en el reciente informe del SIDH \u00ab<a href=\"https:\/\/www.ishr.ch\/news\/restriction-protection-report-ensuring-safe-and-enabling-legal-environment-human-rights\">De la restricci\u00f3n a la protecci\u00f3n<\/a>\u00ab, que pide a todos los Estados, en consulta con los actores de la sociedad civil, que elaboren, promulguen y apliquen efectivamente una ley nacional de protecci\u00f3n de las personas defensoras de los derechos humanos.<\/p>\n\n\n\n<p class=\"wp-block-paragraph\">El informe tambi\u00e9n recomienda que todos los Estados otorguen un mandato legislativo y doten de recursos adecuados a un punto focal dedicado a las personas defensoras de los derechos humanos dentro de una instituci\u00f3n nacional de derechos humanos establecida de acuerdo con los Principios de Par\u00eds.<\/p>\n\n\n\n<p class=\"wp-block-paragraph\">El ISHR se une a Human Rights Defender Alert India para pedir al Estado que d\u00e9 plena fuerza legislativa y efecto a la Declaraci\u00f3n internacional sobre los defensores de los derechos humanos a nivel nacional\u00bb, dijo Pooja Patel del ISHR.<\/p>\n\n\n\n<p class=\"wp-block-paragraph\">El reconocimiento legal y la protecci\u00f3n de las personas defensoras de los derechos humanos en una ley espec\u00edfica es un elemento necesario, aunque de ninguna manera suficiente, para establecer un entorno seguro y propicio para su trabajo.<\/p>\n\n\n\n<p class=\"wp-block-paragraph\">El ISHR tambi\u00e9n se une a Human Rights Defender Alert India en su llamamiento a la Comisi\u00f3n Nacional de Derechos Humanos para que asigne un mandato y recursos completos a su punto focal de personas defensoras de derechos humanos. Con los recursos adecuados, estos puntos focales pueden proporcionar protecci\u00f3n a las personas defensoras en riesgo, documentar y hacer un seguimiento de los presuntos ataques y violaciones, revisar y abogar por las leyes que pueden afectar a las personas defensoras, y llevar a cabo la formaci\u00f3n y la educaci\u00f3n para crear conciencia sobre la necesidad y la legitimidad del trabajo de las personas defensoras\u00bb, dijo Patel.<\/p>\n\n\n\n<p class=\"wp-block-paragraph\">Encuentren el documento original <a href=\"https:\/\/www.ishr.ch\/news\/india-enact-law-human-rights-defenders-and-strengthen-mechanism-their-protection\" data-type=\"URL\" data-id=\"https:\/\/www.ishr.ch\/news\/india-enact-law-human-rights-defenders-and-strengthen-mechanism-their-protection\" target=\"_blank\" rel=\"noreferrer noopener\">aqu\u00ed<\/a> en ingl\u00e9s (<a href=\"https:\/\/www.ishr.ch\/\" target=\"_blank\" rel=\"noreferrer noopener\">ISHR<\/a>). <\/p>\n","protected":false},"template":"","document-original-language":[350],"authorship":[139],"type-of-document":[145],"progress":[],"location":[174,319],"class_list":["post-3378","documents","type-documents","status-publish","hentry","document-original-language-en-es","authorship-sociedad-civil-y-mundo-academico","type-of-document-noticia","location-asia","location-india-es"],"yoast_head":"<!-- This site is optimized with the Yoast SEO plugin v28.4 - https:\/\/yoast.com\/product\/yoast-seo-wordpress\/ -->\n<title>India: Promulgar una ley sobre las personas defensoras de los derechos humanos y reforzar el mecanismo para su protecci\u00f3n - Focus: The Observatory On Public Policies For Defenders<\/title>\n<meta name=\"robots\" content=\"index, follow, max-snippet:-1, max-image-preview:large, max-video-preview:-1\" \/>\n<link rel=\"canonical\" href=\"https:\/\/www.focus-obs.org\/es\/documents\/india-promulgar-una-ley-sobre-los-defensores-de-los-derechos-humanos-y-reforzar-el-mecanismo-para-su-proteccion\/\" \/>\n<meta property=\"og:locale\" content=\"es_ES\" \/>\n<meta property=\"og:type\" content=\"article\" \/>\n<meta property=\"og:title\" content=\"India: Promulgar una ley sobre las personas defensoras de los derechos humanos y reforzar el mecanismo para su protecci\u00f3n - Focus: The Observatory On Public Policies For Defenders\" \/>\n<meta property=\"og:description\" content=\"(Ginebra) &#8211; India debe elaborar una ley nacional sobre la protecci\u00f3n de las personas defensoras de los derechos humanos y reforzar la capacidad y el mandato de la comisi\u00f3n nacional de derechos humanos que se ocupa de las personas defensoras, ha declarado hoy el Servicio Internacional para los Derechos Humanos. El llamamiento se produce tras [&hellip;]\" \/>\n<meta property=\"og:url\" content=\"https:\/\/www.focus-obs.org\/es\/documents\/india-promulgar-una-ley-sobre-los-defensores-de-los-derechos-humanos-y-reforzar-el-mecanismo-para-su-proteccion\/\" \/>\n<meta property=\"og:site_name\" content=\"Focus: The Observatory On Public Policies For Defenders\" \/>\n<meta property=\"article:modified_time\" content=\"2022-11-09T18:09:57+00:00\" \/>\n<meta name=\"twitter:card\" content=\"summary_large_image\" \/>\n<meta name=\"twitter:label1\" content=\"Tiempo de lectura\" \/>\n\t<meta name=\"twitter:data1\" content=\"2 minutos\" \/>\n<script type=\"application\/ld+json\" class=\"yoast-schema-graph\">{\"@context\":\"https:\\\/\\\/schema.org\",\"@graph\":[{\"@type\":\"WebPage\",\"@id\":\"https:\\\/\\\/www.focus-obs.org\\\/es\\\/documents\\\/india-promulgar-una-ley-sobre-los-defensores-de-los-derechos-humanos-y-reforzar-el-mecanismo-para-su-proteccion\\\/\",\"url\":\"https:\\\/\\\/www.focus-obs.org\\\/es\\\/documents\\\/india-promulgar-una-ley-sobre-los-defensores-de-los-derechos-humanos-y-reforzar-el-mecanismo-para-su-proteccion\\\/\",\"name\":\"India: Promulgar una ley sobre las personas defensoras de los derechos humanos y reforzar el mecanismo para su protecci\u00f3n - Focus: The Observatory On Public Policies For Defenders\",\"isPartOf\":{\"@id\":\"https:\\\/\\\/www.focus-obs.org\\\/es\\\/#website\"},\"datePublished\":\"2021-06-23T10:06:34+00:00\",\"dateModified\":\"2022-11-09T18:09:57+00:00\",\"breadcrumb\":{\"@id\":\"https:\\\/\\\/www.focus-obs.org\\\/es\\\/documents\\\/india-promulgar-una-ley-sobre-los-defensores-de-los-derechos-humanos-y-reforzar-el-mecanismo-para-su-proteccion\\\/#breadcrumb\"},\"inLanguage\":\"es\",\"potentialAction\":[{\"@type\":\"ReadAction\",\"target\":[\"https:\\\/\\\/www.focus-obs.org\\\/es\\\/documents\\\/india-promulgar-una-ley-sobre-los-defensores-de-los-derechos-humanos-y-reforzar-el-mecanismo-para-su-proteccion\\\/\"]}]},{\"@type\":\"BreadcrumbList\",\"@id\":\"https:\\\/\\\/www.focus-obs.org\\\/es\\\/documents\\\/india-promulgar-una-ley-sobre-los-defensores-de-los-derechos-humanos-y-reforzar-el-mecanismo-para-su-proteccion\\\/#breadcrumb\",\"itemListElement\":[{\"@type\":\"ListItem\",\"position\":1,\"name\":\"Home\",\"item\":\"https:\\\/\\\/www.focus-obs.org\\\/es\\\/\"},{\"@type\":\"ListItem\",\"position\":2,\"name\":\"Documents\",\"item\":\"https:\\\/\\\/www.focus-obs.org\\\/es\\\/documents\\\/\"},{\"@type\":\"ListItem\",\"position\":3,\"name\":\"India: Promulgar una ley sobre las personas defensoras de los derechos humanos y reforzar el mecanismo para su protecci\u00f3n\"}]},{\"@type\":\"WebSite\",\"@id\":\"https:\\\/\\\/www.focus-obs.org\\\/es\\\/#website\",\"url\":\"https:\\\/\\\/www.focus-obs.org\\\/es\\\/\",\"name\":\"Focus: The Observatory On Public Policies For Defenders\",\"description\":\"The Observatory On Public Policies For Defenders\",\"publisher\":{\"@id\":\"https:\\\/\\\/www.focus-obs.org\\\/es\\\/#organization\"},\"potentialAction\":[{\"@type\":\"SearchAction\",\"target\":{\"@type\":\"EntryPoint\",\"urlTemplate\":\"https:\\\/\\\/www.focus-obs.org\\\/es\\\/?s={search_term_string}\"},\"query-input\":{\"@type\":\"PropertyValueSpecification\",\"valueRequired\":true,\"valueName\":\"search_term_string\"}}],\"inLanguage\":\"es\"},{\"@type\":\"Organization\",\"@id\":\"https:\\\/\\\/www.focus-obs.org\\\/es\\\/#organization\",\"name\":\"Focus: The Observatory On Public Policies For Defenders\",\"url\":\"https:\\\/\\\/www.focus-obs.org\\\/es\\\/\",\"logo\":{\"@type\":\"ImageObject\",\"inLanguage\":\"es\",\"@id\":\"https:\\\/\\\/www.focus-obs.org\\\/es\\\/#\\\/schema\\\/logo\\\/image\\\/\",\"url\":\"https:\\\/\\\/www.focus-obs.org\\\/wp-content\\\/uploads\\\/2021\\\/01\\\/logo-focus-white-on-black-1.png\",\"contentUrl\":\"https:\\\/\\\/www.focus-obs.org\\\/wp-content\\\/uploads\\\/2021\\\/01\\\/logo-focus-white-on-black-1.png\",\"width\":2132,\"height\":735,\"caption\":\"Focus: The Observatory On Public Policies For Defenders\"},\"image\":{\"@id\":\"https:\\\/\\\/www.focus-obs.org\\\/es\\\/#\\\/schema\\\/logo\\\/image\\\/\"}}]}<\/script>\n<!-- \/ Yoast SEO plugin. -->","yoast_head_json":{"title":"India: Promulgar una ley sobre las personas defensoras de los derechos humanos y reforzar el mecanismo para su protecci\u00f3n - Focus: The Observatory On Public Policies For Defenders","robots":{"index":"index","follow":"follow","max-snippet":"max-snippet:-1","max-image-preview":"max-image-preview:large","max-video-preview":"max-video-preview:-1"},"canonical":"https:\/\/www.focus-obs.org\/es\/documents\/india-promulgar-una-ley-sobre-los-defensores-de-los-derechos-humanos-y-reforzar-el-mecanismo-para-su-proteccion\/","og_locale":"es_ES","og_type":"article","og_title":"India: Promulgar una ley sobre las personas defensoras de los derechos humanos y reforzar el mecanismo para su protecci\u00f3n - Focus: The Observatory On Public Policies For Defenders","og_description":"(Ginebra) &#8211; India debe elaborar una ley nacional sobre la protecci\u00f3n de las personas defensoras de los derechos humanos y reforzar la capacidad y el mandato de la comisi\u00f3n nacional de derechos humanos que se ocupa de las personas defensoras, ha declarado hoy el Servicio Internacional para los Derechos Humanos. El llamamiento se produce tras [&hellip;]","og_url":"https:\/\/www.focus-obs.org\/es\/documents\/india-promulgar-una-ley-sobre-los-defensores-de-los-derechos-humanos-y-reforzar-el-mecanismo-para-su-proteccion\/","og_site_name":"Focus: The Observatory On Public Policies For Defenders","article_modified_time":"2022-11-09T18:09:57+00:00","twitter_card":"summary_large_image","twitter_misc":{"Tiempo de lectura":"2 minutos"},"schema":{"@context":"https:\/\/schema.org","@graph":[{"@type":"WebPage","@id":"https:\/\/www.focus-obs.org\/es\/documents\/india-promulgar-una-ley-sobre-los-defensores-de-los-derechos-humanos-y-reforzar-el-mecanismo-para-su-proteccion\/","url":"https:\/\/www.focus-obs.org\/es\/documents\/india-promulgar-una-ley-sobre-los-defensores-de-los-derechos-humanos-y-reforzar-el-mecanismo-para-su-proteccion\/","name":"India: Promulgar una ley sobre las personas defensoras de los derechos humanos y reforzar el mecanismo para su protecci\u00f3n - Focus: The Observatory On Public Policies For Defenders","isPartOf":{"@id":"https:\/\/www.focus-obs.org\/es\/#website"},"datePublished":"2021-06-23T10:06:34+00:00","dateModified":"2022-11-09T18:09:57+00:00","breadcrumb":{"@id":"https:\/\/www.focus-obs.org\/es\/documents\/india-promulgar-una-ley-sobre-los-defensores-de-los-derechos-humanos-y-reforzar-el-mecanismo-para-su-proteccion\/#breadcrumb"},"inLanguage":"es","potentialAction":[{"@type":"ReadAction","target":["https:\/\/www.focus-obs.org\/es\/documents\/india-promulgar-una-ley-sobre-los-defensores-de-los-derechos-humanos-y-reforzar-el-mecanismo-para-su-proteccion\/"]}]},{"@type":"BreadcrumbList","@id":"https:\/\/www.focus-obs.org\/es\/documents\/india-promulgar-una-ley-sobre-los-defensores-de-los-derechos-humanos-y-reforzar-el-mecanismo-para-su-proteccion\/#breadcrumb","itemListElement":[{"@type":"ListItem","position":1,"name":"Home","item":"https:\/\/www.focus-obs.org\/es\/"},{"@type":"ListItem","position":2,"name":"Documents","item":"https:\/\/www.focus-obs.org\/es\/documents\/"},{"@type":"ListItem","position":3,"name":"India: Promulgar una ley sobre las personas defensoras de los derechos humanos y reforzar el mecanismo para su protecci\u00f3n"}]},{"@type":"WebSite","@id":"https:\/\/www.focus-obs.org\/es\/#website","url":"https:\/\/www.focus-obs.org\/es\/","name":"Focus: The Observatory On Public Policies For Defenders","description":"The Observatory On Public Policies For Defenders","publisher":{"@id":"https:\/\/www.focus-obs.org\/es\/#organization"},"potentialAction":[{"@type":"SearchAction","target":{"@type":"EntryPoint","urlTemplate":"https:\/\/www.focus-obs.org\/es\/?s={search_term_string}"},"query-input":{"@type":"PropertyValueSpecification","valueRequired":true,"valueName":"search_term_string"}}],"inLanguage":"es"},{"@type":"Organization","@id":"https:\/\/www.focus-obs.org\/es\/#organization","name":"Focus: The Observatory On Public Policies For Defenders","url":"https:\/\/www.focus-obs.org\/es\/","logo":{"@type":"ImageObject","inLanguage":"es","@id":"https:\/\/www.focus-obs.org\/es\/#\/schema\/logo\/image\/","url":"https:\/\/www.focus-obs.org\/wp-content\/uploads\/2021\/01\/logo-focus-white-on-black-1.png","contentUrl":"https:\/\/www.focus-obs.org\/wp-content\/uploads\/2021\/01\/logo-focus-white-on-black-1.png","width":2132,"height":735,"caption":"Focus: The Observatory On Public Policies For Defenders"},"image":{"@id":"https:\/\/www.focus-obs.org\/es\/#\/schema\/logo\/image\/"}}]}},"_links":{"self":[{"href":"https:\/\/www.focus-obs.org\/es\/wp-json\/wp\/v2\/documents\/3378","targetHints":{"allow":["GET"]}}],"collection":[{"href":"https:\/\/www.focus-obs.org\/es\/wp-json\/wp\/v2\/documents"}],"about":[{"href":"https:\/\/www.focus-obs.org\/es\/wp-json\/wp\/v2\/types\/documents"}],"version-history":[{"count":2,"href":"https:\/\/www.focus-obs.org\/es\/wp-json\/wp\/v2\/documents\/3378\/revisions"}],"predecessor-version":[{"id":8631,"href":"https:\/\/www.focus-obs.org\/es\/wp-json\/wp\/v2\/documents\/3378\/revisions\/8631"}],"wp:attachment":[{"href":"https:\/\/www.focus-obs.org\/es\/wp-json\/wp\/v2\/media?parent=3378"}],"wp:term":[{"taxonomy":"document-original-language","embeddable":true,"href":"https:\/\/www.focus-obs.org\/es\/wp-json\/wp\/v2\/document-original-language?post=3378"},{"taxonomy":"authorship","embeddable":true,"href":"https:\/\/www.focus-obs.org\/es\/wp-json\/wp\/v2\/authorship?post=3378"},{"taxonomy":"type-of-document","embeddable":true,"href":"https:\/\/www.focus-obs.org\/es\/wp-json\/wp\/v2\/type-of-document?post=3378"},{"taxonomy":"progress","embeddable":true,"href":"https:\/\/www.focus-obs.org\/es\/wp-json\/wp\/v2\/progress?post=3378"},{"taxonomy":"location","embeddable":true,"href":"https:\/\/www.focus-obs.org\/es\/wp-json\/wp\/v2\/location?post=3378"}],"curies":[{"name":"wp","href":"https:\/\/api.w.org\/{rel}","templated":true}]}}