{"id":2659,"date":"2021-06-10T15:34:59","date_gmt":"2021-06-10T13:34:59","guid":{"rendered":"https:\/\/www.focus-obs.org\/?post_type=documents&#038;p=2659"},"modified":"2022-11-10T09:33:21","modified_gmt":"2022-11-10T08:33:21","slug":"mexico-reporte-frente-al-riesgo-y-el-caos","status":"publish","type":"documents","link":"https:\/\/www.focus-obs.org\/es\/documents\/mexico-reporte-frente-al-riesgo-y-el-caos\/","title":{"rendered":"Mexico: reporte \u00abFrente al riesgo y el caos\u00bb"},"content":{"rendered":"\n<p>El informe \u00abAnte el riesgo y el caos\u00bb fue publicado por el Centro de Investigaci\u00f3n y Capacitaci\u00f3n Propuesta C\u00edvica en octubre de 2017. Propone un an\u00e1lisis del Mecanismo de Protecci\u00f3n para Personas Defensoras de Derechos Humanos y Periodistas.<\/p>\n\n\n\n<p>\u00ab\u2026en la presente publicaci\u00f3n realizamos un an\u00e1lisis del marco normativo nacional e internacional por medio de los cuales se crean Mecanismos de Protecci\u00f3n, con un estudio detallado de la actual legislaci\u00f3n en M\u00e9xico a nivel estatal en contraste con los est\u00e1ndares y las buenas pr\u00e1cticas internacionales en materia de protecci\u00f3n y garant\u00edas para defender derechos humanos \u2026 En el tercer cap\u00edtulo se hace una revisi\u00f3n al marco normativo mexicano en los distintos estados de la rep\u00fablica que han expedido leyes que generan Mecanismos Estatales de Protecci\u00f3n, as\u00ed como los decretos y las leyes que crean a nivel estatal Unidades de Enlace con el actual mecanismo\u2026\u00bb<\/p>\n\n\n\n<p>La publicaci\u00f3n original sol\u00eda ser accesible <a href=\"https:\/\/propuestacivica.org.mx\/proyecto\/frente-al-riesgo-y-al-caos#image-70\">aqu\u00ed<\/a> en espa\u00f1ol (<a href=\"https:\/\/propuestacivica.org.mx\/\" target=\"_blank\" rel=\"noreferrer noopener\">Propuesta c\u00edvica<\/a>).<\/p>\n","protected":false},"template":"","document-original-language":[352],"authorship":[139],"type-of-document":[144],"progress":[],"location":[169,228],"class_list":["post-2659","documents","type-documents","status-publish","hentry","document-original-language-es-es","authorship-sociedad-civil-y-mundo-academico","type-of-document-d-estudio-o-analisis","location-americas","location-mexico"],"_links":{"self":[{"href":"https:\/\/www.focus-obs.org\/es\/wp-json\/wp\/v2\/documents\/2659","targetHints":{"allow":["GET"]}}],"collection":[{"href":"https:\/\/www.focus-obs.org\/es\/wp-json\/wp\/v2\/documents"}],"about":[{"href":"https:\/\/www.focus-obs.org\/es\/wp-json\/wp\/v2\/types\/documents"}],"version-history":[{"count":4,"href":"https:\/\/www.focus-obs.org\/es\/wp-json\/wp\/v2\/documents\/2659\/revisions"}],"predecessor-version":[{"id":7901,"href":"https:\/\/www.focus-obs.org\/es\/wp-json\/wp\/v2\/documents\/2659\/revisions\/7901"}],"wp:attachment":[{"href":"https:\/\/www.focus-obs.org\/es\/wp-json\/wp\/v2\/media?parent=2659"}],"wp:term":[{"taxonomy":"document-original-language","embeddable":true,"href":"https:\/\/www.focus-obs.org\/es\/wp-json\/wp\/v2\/document-original-language?post=2659"},{"taxonomy":"authorship","embeddable":true,"href":"https:\/\/www.focus-obs.org\/es\/wp-json\/wp\/v2\/authorship?post=2659"},{"taxonomy":"type-of-document","embeddable":true,"href":"https:\/\/www.focus-obs.org\/es\/wp-json\/wp\/v2\/type-of-document?post=2659"},{"taxonomy":"progress","embeddable":true,"href":"https:\/\/www.focus-obs.org\/es\/wp-json\/wp\/v2\/progress?post=2659"},{"taxonomy":"location","embeddable":true,"href":"https:\/\/www.focus-obs.org\/es\/wp-json\/wp\/v2\/location?post=2659"}],"curies":[{"name":"wp","href":"https:\/\/api.w.org\/{rel}","templated":true}]}}