{"id":10211,"date":"2023-03-06T11:25:28","date_gmt":"2023-03-06T10:25:28","guid":{"rendered":"https:\/\/www.focus-obs.org\/documents\/25-years-of-regulations-for-the-protection-of-human-rights-defenders-in-colombia\/"},"modified":"2023-03-09T14:05:42","modified_gmt":"2023-03-09T13:05:42","slug":"25-years-protection-defenders-colombia-infographic","status":"publish","type":"documents","link":"https:\/\/www.focus-obs.org\/es\/documents\/25-years-protection-defenders-colombia-infographic\/","title":{"rendered":"Colombia: 25 a\u00f1os de normativas para las personas defensoras de derechos humanos [infograf\u00eda]"},"content":{"rendered":"\n<p>Hace 25 a\u00f1os fue expedida en Colombia la primera ley que sirve como mecanismo de protecci\u00f3n para las personas en riesgo como consecuencia del conflicto armado (diciembre de 1997). Esta es tambi\u00e9n la primera ley aplicable a las personas defensoras de derechos humanos. Por eso, desde Protection International (PI), realizamos esta infograf\u00eda sistematizada, que recoge en una l\u00ednea de tiempo las diversas normativas existentes en el pa\u00eds por los diferentes gobiernos a lo largo de estas dos d\u00e9cadas y media. Este trabajo identifica, adem\u00e1s, los elementos m\u00e1s destacados de la situaci\u00f3n de riesgo que han enfrentado las <strong>personas defensoras<\/strong> y l\u00edderes sociales durante estos 25 a\u00f1os; y la incesante ausencia de garant\u00edas para el ejercicio del derecho a defender los derechos humanos en Colombia. El objetivo de este marco legislativo ha sido contrarrestar las agresiones en contra de las <strong>personas defensoras<\/strong> de derechos humanos, pero \u00bfhan sido \u00fatiles? \u00bfsuficientes? \u00bfhan contribuido a garantizar la vida y el derecho a defender los derechos humanos?<\/p>\n\n\n\n<p>La elaboraci\u00f3n de este trabajo nos ha permitido comprobar que, m\u00e1s all\u00e1 de los datos documentados en la l\u00ednea de tiempo y en las agresiones f\u00edsicas y directas, que representan la expresi\u00f3n m\u00e1s cr\u00edtica de riesgo, durante estos 25 a\u00f1os, ha persistido un creciente deterioro del espacio c\u00edvico para ejercer el derecho a defender los DDHH. Este deterioro se ha hecho evidente a trav\u00e9s de las diversas vulneraciones, no solo sobre la vida y la integridad de las <strong>personas defensoras<\/strong>, sino tambi\u00e9n sobre derechos colectivos connaturales a la defensa de derechos, como la libertad de asociaci\u00f3n, expresi\u00f3n, reuni\u00f3n y manifestaci\u00f3n.<\/p>\n\n\n\n<p>Desde Protection International reconocemos los esfuerzos en la creaci\u00f3n de un conjunto de leyes y decretos; sin embargo, estos no han tenido un impacto significativo en la transformaci\u00f3n favorable de las causas de los riesgos y amenazas en contra de las <strong>personas defensoras<\/strong> de los derechos humanos, ni en la garant\u00eda plena y segura del derecho a defenderlos.<\/p>\n\n\n\n<p><strong>\u00bfEste marco legislativo ha contribuido al derecho a defender los derechos humanos de las personas defensoras en Colombia?<\/strong><\/p>\n\n\n\n<p>El marco legislativo relacionado con la protecci\u00f3n de <strong>personas defensoras<\/strong>, activistas y l\u00edderes sociales, avanz\u00f3 notablemente en estos 25 a\u00f1os, gracias al trabajo y la presi\u00f3n de la sociedad civil. Actualmente se cuenta con una amplia legislaci\u00f3n (que incluye decretos, leyes y directivas), que en su conjunto establecen la creaci\u00f3n y reglamentaci\u00f3n de entidades, instancias, mecanismos y programas de protecci\u00f3n a nivel individual, y algunos avances a nivel colectivo y de g\u00e9nero.<\/p>\n\n\n\n<p>Lamentablemente, y pese a estos esfuerzos, el impacto positivo de estas normas, no se refleja en garant\u00edas efectivas para ejercer el derecho a defender los derechos humanos en Colombia, y la situaci\u00f3n de riesgo para <strong>personas defensoras <\/strong>contin\u00faa siendo cr\u00edtica.<\/p>\n\n\n\n<p>Esta revisi\u00f3n sistem\u00e1tica nos permiti\u00f3 llegar a algunas conclusiones:<\/p>\n\n\n\n<ol class=\"wp-block-list\" type=\"1\">\n<li><strong><em>Persisten e incrementan las agresiones contra las personas y el derecho a defender los derechos humanos:<\/em><\/strong> las lideresas y l\u00edderes que defienden el derecho a la tierra, el territorio y el medio ambiente; quienes han impulsado el proceso de paz y acompa\u00f1ado a las v\u00edctimas del conflicto armado; y que promueven procesos de fortalecimiento social y comunitario, han permanecido en los registros de la sociedad civil como las personas defensoras m\u00e1s agredidas durante estos 25 a\u00f1os. Se ha mantenido como tendencia el aumento de las agresiones contra l\u00edderes\/as ind\u00edgenas, campesino\/as, y mujeres defensoras. Las amenazas han permanecido como la t\u00e1ctica m\u00e1s utilizada para intimidar <strong>a personas defensoras<\/strong>.<\/li>\n\n\n\n<li><strong><em>Problemas en el dise\u00f1o e implementaci\u00f3n de pol\u00edticas publicas de protecci\u00f3n y garant\u00eda.<\/em><\/strong><strong><\/strong><ol><li><strong><em>Voluntad pol\u00edtica: <\/em><\/strong>hemos podido comprobar la escasa voluntad pol\u00edtica de los diversos gobiernos de Colombia para implementar la normativa, como un elemento central para asegurar la efectividad de las pol\u00edticas de protecci\u00f3n.<\/li><\/ol>\n<ol class=\"wp-block-list\">\n<li><strong><em>Dise\u00f1o de la pol\u00edtica p\u00fablica: <\/em><\/strong>evidenciamos que ha existido una limitada participaci\u00f3n de las personas defensoras en la formulaci\u00f3n de pol\u00edticas p\u00fablicas, en especial las personas defensoras de los territorios.<\/li>\n<\/ol>\n<\/li>\n\n\n\n<li><strong><em>Brechas en la implementaci\u00f3n de pol\u00edticas p\u00fablicas:<\/em><\/strong> identificamos pocos avances en materia de protecci\u00f3n colectiva, dificultades para la implementaci\u00f3n del enfoque diferencial, de g\u00e9nero e interseccional, as\u00ed como debilidades o ausencia de una teor\u00eda de cambio, objetivos e indicadores que permitan medir las pol\u00edticas p\u00fablicas y su impacto en el derecho a defender los derechos humanos. Por su parte, la implementaci\u00f3n ha sido permeada tambi\u00e9n por corrupci\u00f3n y se enfrenta a una fuerte descoordinaci\u00f3n institucional.<\/li>\n<\/ol>\n\n\n\n<p>Desde Protection International esperamos que aquellas personas que utilicen esta revisi\u00f3n sistematizada del marco normativo colombiano en materia de protecci\u00f3n a personas defensoras, por los diferentes gobiernos a lo largo de 25 a\u00f1os, puedan responder si pueden ser considerados \u00fatiles y suficientes para garantizar la vida y el derecho a defender los derechos humanos en el pa\u00eds.<\/p>\n\n\n\n<p>Accede a la infograf\u00eda interactiva <a href=\"https:\/\/www.focus-obs.org\/es\/25-yr-protection-human-rights-defenders-colombia\/\" target=\"_blank\" rel=\"noreferrer noopener\">aqu\u00ed<\/a> en espa\u00f1ol (<a href=\"https:\/\/www.protectioninternational.org\/\" target=\"_blank\" rel=\"noreferrer noopener\">Protection International<\/a>).<\/p>\n","protected":false},"template":"","document-original-language":[352],"authorship":[438],"type-of-document":[439,144],"progress":[],"location":[169,262],"class_list":["post-10211","documents","type-documents","status-publish","hentry","document-original-language-es-es","authorship-protection-international-es","type-of-document-infografias-y-contenido-mediatico","type-of-document-d-estudio-o-analisis","location-americas","location-colombia"],"_links":{"self":[{"href":"https:\/\/www.focus-obs.org\/es\/wp-json\/wp\/v2\/documents\/10211","targetHints":{"allow":["GET"]}}],"collection":[{"href":"https:\/\/www.focus-obs.org\/es\/wp-json\/wp\/v2\/documents"}],"about":[{"href":"https:\/\/www.focus-obs.org\/es\/wp-json\/wp\/v2\/types\/documents"}],"version-history":[{"count":9,"href":"https:\/\/www.focus-obs.org\/es\/wp-json\/wp\/v2\/documents\/10211\/revisions"}],"predecessor-version":[{"id":10305,"href":"https:\/\/www.focus-obs.org\/es\/wp-json\/wp\/v2\/documents\/10211\/revisions\/10305"}],"wp:attachment":[{"href":"https:\/\/www.focus-obs.org\/es\/wp-json\/wp\/v2\/media?parent=10211"}],"wp:term":[{"taxonomy":"document-original-language","embeddable":true,"href":"https:\/\/www.focus-obs.org\/es\/wp-json\/wp\/v2\/document-original-language?post=10211"},{"taxonomy":"authorship","embeddable":true,"href":"https:\/\/www.focus-obs.org\/es\/wp-json\/wp\/v2\/authorship?post=10211"},{"taxonomy":"type-of-document","embeddable":true,"href":"https:\/\/www.focus-obs.org\/es\/wp-json\/wp\/v2\/type-of-document?post=10211"},{"taxonomy":"progress","embeddable":true,"href":"https:\/\/www.focus-obs.org\/es\/wp-json\/wp\/v2\/progress?post=10211"},{"taxonomy":"location","embeddable":true,"href":"https:\/\/www.focus-obs.org\/es\/wp-json\/wp\/v2\/location?post=10211"}],"curies":[{"name":"wp","href":"https:\/\/api.w.org\/{rel}","templated":true}]}}